{"id":12,"date":"2025-05-16T08:38:24","date_gmt":"2025-05-16T06:38:24","guid":{"rendered":"https:\/\/mladez.evangnet.cz\/moravskoslezska\/?page_id=12"},"modified":"2026-02-11T13:28:48","modified_gmt":"2026-02-11T12:28:48","slug":"moravskoslezska-mladez","status":"publish","type":"page","link":"https:\/\/mladez.evangnet.cz\/moravskoslezska\/","title":{"rendered":"Moravskoslezsk\u00e1 ml\u00e1de\u017e"},"content":{"rendered":"\n<div class=\"wp-block-columns is-layout-flex wp-container-core-columns-is-layout-28f84493 wp-block-columns-is-layout-flex\">\n<div class=\"wp-block-column is-layout-flow wp-block-column-is-layout-flow\">\n<h2 class=\"wp-block-heading\">Co se d\u011bje<\/h2>\n\n\n<div class='cce-event-justdates'>\r\n\t\t\t<div class='cce-e-justdates-single' id='cce-event-justdate-1'>\r\n\t\t\t\t<div class='cce-e-jd-name'>\r\n\t\t\t\t\t<a href=\"https:\/\/mladez.evangnet.cz\/moravskoslezska\/?post_type=event&#038;p=1549\">V\u00edkendovka pro mlad\u0161\u00ed ml\u00e1de\u017e<\/a>\r\n\t\t\t\t<\/div>\r\n\t\t\t\t<div class='cce-e-jd-date'>\r\n\t\t\t\t\t22. a\u017e 24. kv\u011bten 2026\r\n\t\t\t\t<\/div>\r\n\t\t\t\t<div class='cce-e-jd-place'>\r\n\t\t\t\t\tJesen\u00edk\r\n\t\t\t\t<\/div>\r\n\t\t\t<\/div> \r\n\t\t\t\r\n\t\t\t<div class='cce-e-justdates-single' id='cce-event-justdate-2'>\r\n\t\t\t\t<div class='cce-e-jd-name'>\r\n\t\t\t\t\t<a href=\"https:\/\/mladez.evangnet.cz\/moravskoslezska\/?post_type=event&#038;p=1576\">Brig\u00e1da<\/a>\r\n\t\t\t\t<\/div>\r\n\t\t\t\t<div class='cce-e-jd-date'>\r\n\t\t\t\t\t05. a\u017e 07. \u010derven 2026\r\n\t\t\t\t<\/div>\r\n\t\t\t\t<div class='cce-e-jd-place'>\r\n\t\t\t\t\tZ\u00e1b\u0159eh\r\n\t\t\t\t<\/div>\r\n\t\t\t<\/div> \r\n\t\t\t\r\n\t\t\t<div class='cce-e-justdates-single' id='cce-event-justdate-3'>\r\n\t\t\t\t<div class='cce-e-jd-name'>\r\n\t\t\t\t\t<a href=\"https:\/\/mladez.evangnet.cz\/moravskoslezska\/?post_type=event&#038;p=1580\">Letn\u00ed brig\u00e1da na Travn\u00e9<\/a>\r\n\t\t\t\t<\/div>\r\n\t\t\t\t<div class='cce-e-jd-date'>\r\n\t\t\t\t\t27. \u010derven a\u017e 04. \u010dervenec 2026\r\n\t\t\t\t<\/div>\r\n\t\t\t\t<div class='cce-e-jd-place'>\r\n\t\t\t\t\tTravn\u00e1\r\n\t\t\t\t<\/div>\r\n\t\t\t<\/div> \r\n\t\t\t\r\n\t\t\t<div class='cce-e-justdates-single cce-e-justdates-celocirkevni' title='Celoc\u00edrkevn\u00ed ud\u00e1lost'>\r\n\t\t\t\t<div class='cce-e-jd-name'>\r\n\t\t\t\t\t<a href=\"https:\/\/mladez.evangnet.cz\/?post_type=event&#038;p=8826\"><i class='fa-solid fa-globe m-r10'><\/i>Pecka 2026<\/a>\r\n\t\t\t\t<\/div>\r\n\t\t\t\t<div class='cce-e-jd-date'>\r\n\t\t\t\t\t26. \u010dervenec a\u017e 02. srpen 2026\r\n\t\t\t\t<\/div>\r\n\t\t\t\t<div class='cce-e-jd-place'>\r\n\t\t\t\t\t\r\n\t\t\t\t<\/div>\r\n\t\t\t<\/div> \r\n\t\t\t\r\n\t\t\t<div class='cce-e-justdates-single' id='cce-event-justdate-4'>\r\n\t\t\t\t<div class='cce-e-jd-name'>\r\n\t\t\t\t\t<a href=\"https:\/\/mladez.evangnet.cz\/moravskoslezska\/?post_type=event&#038;p=1578\">Letn\u00ed Senior\u00e1tn\u00ed T\u00fdden<\/a>\r\n\t\t\t\t<\/div>\r\n\t\t\t\t<div class='cce-e-jd-date'>\r\n\t\t\t\t\t23. a\u017e 30. srpen 2026\r\n\t\t\t\t<\/div>\r\n\t\t\t\t<div class='cce-e-jd-place'>\r\n\t\t\t\t\tFara Sobot\u00edn\r\n\t\t\t\t<\/div>\r\n\t\t\t<\/div> \r\n\t\t\t\r\n\t\t\t<div class='cce-e-justdates-single cce-e-justdates-celocirkevni' title='Celoc\u00edrkevn\u00ed ud\u00e1lost'>\r\n\t\t\t\t<div class='cce-e-jd-name'>\r\n\t\t\t\t\t<a href=\"https:\/\/mladez.evangnet.cz\/?post_type=event&#038;p=8800\"><i class='fa-solid fa-globe m-r10'><\/i>Sjezd (nejen) evangelick\u00e9 ml\u00e1de\u017ee 2026<\/a>\r\n\t\t\t\t<\/div>\r\n\t\t\t\t<div class='cce-e-jd-date'>\r\n\t\t\t\t\t02. a\u017e 04. \u0159\u00edjen 2026\r\n\t\t\t\t<\/div>\r\n\t\t\t\t<div class='cce-e-jd-place'>\r\n\t\t\t\t\tT\u0159eb\u00ed\u010d\r\n\t\t\t\t<\/div>\r\n\t\t\t<\/div> \r\n\t\t\t<em>* Ud\u00e1losti ozna\u010den\u00e9 <i class='fa-solid fa-globe'><\/i> jsou celoc\u00edrkevn\u00ed ud\u00e1losti, na kter\u00e9 jste srde\u010dn\u011b zv\u00e1ni.<\/em><\/div>\n\n\n\n<p class=\"has-text-align-right\"><a href=\"https:\/\/mladez.evangnet.cz\/moravskoslezska\/akce-msmladez\/\">V\u0161echny pl\u00e1novan\u00e9 akce naleznete zde<\/a><\/p>\n<\/div>\n\n\n\n<div class=\"wp-block-column is-layout-flow wp-block-column-is-layout-flow\">\n<h2 class=\"wp-block-heading\">P\u0159\u00edsp\u011bvky<\/h2>\n\n\n<ul class=\"wp-block-latest-posts__list has-dates wp-block-latest-posts\"><li><a class=\"wp-block-latest-posts__post-title\" href=\"https:\/\/mladez.evangnet.cz\/moravskoslezska\/2026\/02\/11\/terminy-akci-2026\/\">Term\u00edny akc\u00ed 2026<\/a><time datetime=\"2026-02-11T13:27:03+01:00\" class=\"wp-block-latest-posts__post-date\">11. 2. 2026<\/time><div class=\"wp-block-latest-posts__post-excerpt\">Ka\u017ed\u00fd druh\u00fd t\u00fdden se v Olomouci konaj\u00ed Kreativn\u00ed \u010dajovny Pravideln\u00e9 akce ml\u00e1de\u017e\u00ed ve sborech najde\u0161 zde<\/div><\/li>\n<li><a class=\"wp-block-latest-posts__post-title\" href=\"https:\/\/mladez.evangnet.cz\/moravskoslezska\/2025\/11\/14\/kreativni-cajovny-v-olomouci\/\">Kreativn\u00ed \u010dajovny v Olomouci<\/a><time datetime=\"2025-11-14T13:55:34+01:00\" class=\"wp-block-latest-posts__post-date\">14. 11. 2025<\/time><div class=\"wp-block-latest-posts__post-excerpt\">Chce\u0161 n\u011bco tvo\u0159it a sd\u00edlet to spolu s dal\u0161\u00edma lidma? P\u0159idej se na kreativn\u00ed \u010dajovny! Krom\u011b pop\u00edjen\u00ed dobr\u00e9ho \u010daje se chceme navz\u00e1jem inspirovat, p\u0159etavovat na\u0161e aktu\u00e1ln\u00ed t\u00e9mata, my\u0161lenky, emoce, zmatky a sny do n\u011b\u010deho tv\u016fr\u010d\u00edho.<\/div><\/li>\n<li><div class=\"wp-block-latest-posts__featured-image\"><img loading=\"lazy\" decoding=\"async\" width=\"150\" height=\"150\" src=\"https:\/\/mladez.evangnet.cz\/moravskoslezska\/wp-content\/uploads\/sites\/10\/2025\/10\/1-150x150.png\" class=\"attachment-thumbnail size-thumbnail wp-post-image\" alt=\"\" style=\"\" \/><\/div><a class=\"wp-block-latest-posts__post-title\" href=\"https:\/\/mladez.evangnet.cz\/moravskoslezska\/2025\/10\/23\/navrhni-kandidaty-do-synodni-rady\/\">Navrhni kandid\u00e1ty do synodn\u00ed rady!<\/a><time datetime=\"2025-10-23T10:08:53+02:00\" class=\"wp-block-latest-posts__post-date\">23. 10. 2025<\/time><div class=\"wp-block-latest-posts__post-excerpt\">Iniciativa Celoc\u00edrkevn\u00edho odboru ml\u00e1de\u017ee: Za\u010d\u00e1tkem listopadu budou prob\u00edhat ve va\u0161ich senior\u00e1tech konventy, na kter\u00fdch se budou d\u00e1vat dohromady n\u00e1vrhy na budouc\u00ed \u010dleny synodn\u00ed rady. Synodn\u00ed rada je jeden z hlavn\u00edch org\u00e1n\u016f v \u010dele na\u0161\u00ed c\u00edrkve a jejich pr\u00e1ce bude ovliv\u0148ovat celou c\u00edrkev i n\u00e1s, ml\u00e1de\u017e. Proto se chceme a c\u00edrkevn\u00ed samospr\u00e1v\u011b pod\u00edlet\u2026 <a class=\"wp-block-latest-posts__read-more\" href=\"https:\/\/mladez.evangnet.cz\/moravskoslezska\/2025\/10\/23\/navrhni-kandidaty-do-synodni-rady\/\" rel=\"noopener noreferrer\">V\u00edce informac\u00ed<span class=\"screen-reader-text\">: Navrhni kandid\u00e1ty do synodn\u00ed rady!<\/span><\/a><\/div><\/li>\n<li><a class=\"wp-block-latest-posts__post-title\" href=\"https:\/\/mladez.evangnet.cz\/moravskoslezska\/2024\/10\/15\/terminy\/\">Term\u00edny akc\u00ed 2025<\/a><time datetime=\"2024-10-15T21:06:36+02:00\" class=\"wp-block-latest-posts__post-date\">15. 10. 2024<\/time><div class=\"wp-block-latest-posts__post-excerpt\">2025 Ka\u017ed\u00fd druh\u00fd t\u00fdden se v Olomouci konaj\u00ed Kreativn\u00ed \u010dajovny Pravideln\u00e9 akce ml\u00e1de\u017e\u00ed ve sborech najde\u0161 zde<\/div><\/li>\n<li><a class=\"wp-block-latest-posts__post-title\" href=\"https:\/\/mladez.evangnet.cz\/moravskoslezska\/2024\/08\/20\/pozvanka-pro-aktivni-mladezniky\/\">Pozv\u00e1nka pro aktivn\u00ed ml\u00e1de\u017en\u00edky<\/a><time datetime=\"2024-08-20T14:07:14+02:00\" class=\"wp-block-latest-posts__post-date\">20. 8. 2024<\/time><div class=\"wp-block-latest-posts__post-excerpt\">N\u00e1\u0161 senior\u00e1t obsahuje 24 sbor\u016f. Ml\u00e1de\u017e se n\u011bjak sch\u00e1z\u00ed ve zhruba 10 z nich a v hrstce sbor\u016f se i sama zapojuje do organizace. Potenci\u00e1ln\u011b je n\u00e1s v\u0161ak o n\u011bco v\u00edce. Jako pastora\u010dn\u00ed pracovn\u00edk pro ml\u00e1de\u017e moment\u00e1ln\u011b p\u0159em\u00fd\u0161l\u00edm nad t\u00edm, jak uk\u00e1zat mlad\u00fdm lidem, co v\u0161echno dobr\u00e9ho jim vlastn\u011b m\u016f\u017ee ml\u00e1de\u017e v\u2026 <a class=\"wp-block-latest-posts__read-more\" href=\"https:\/\/mladez.evangnet.cz\/moravskoslezska\/2024\/08\/20\/pozvanka-pro-aktivni-mladezniky\/\" rel=\"noopener noreferrer\">V\u00edce informac\u00ed<span class=\"screen-reader-text\">: Pozv\u00e1nka pro aktivn\u00ed ml\u00e1de\u017en\u00edky<\/span><\/a><\/div><\/li>\n<\/ul><\/div>\n<\/div>\n\n\n\n<h2 class=\"wp-block-heading\">Kdo jsme?<\/h2>\n\n\n\n<p>Jsme otev\u0159en\u00e1 skupina mlad\u00fdch lid\u00ed, v\u011bkem v\u011bt\u0161inou od 15 let, (ne v\u017edy)pat\u0159\u00edc\u00edch do evangelick\u00fdch sbor\u016f na moravskoslezsku. Spole\u010dn\u011b se n\u011bkolikr\u00e1t ro\u010dn\u011b sejdeme na akc\u00edch, kter\u00e9 <a href=\"https:\/\/mladez.evangnet.cz\/moravskoslezska\/som\/\" data-type=\"page\" data-id=\"15\">po\u0159\u00e1d\u00e1me<\/a> pro sebe, nebo pro <a href=\"https:\/\/mladez.evangnet.cz\/moravskoslezska\/akce-msmladez\/mladsi\/\">konfirmandy a mlad\u0161\u00ed ml\u00e1de\u017e<\/a>.<\/p>\n\n\n\n<p>Ka\u017edoro\u010dn\u011b po\u0159\u00e1d\u00e1me jednu t\u00fddenn\u00ed a n\u011bkolik v\u00edkendov\u00fdch akc\u00ed. Na n\u011bkter\u00fdch m\u00edstech <a href=\"https:\/\/mladez.evangnet.cz\/moravskoslezska\/sbory\/\" data-type=\"page\" data-id=\"1320\">se ml\u00e1de\u017e sch\u00e1z\u00ed  pravideln\u011b<\/a> (nap\u0159. jednou t\u00fddn\u011b). <a href=\"https:\/\/mladez.evangnet.cz\/moravskoslezska\/o-mladezi\/\" data-type=\"page\" data-id=\"14\">V\u00edce o n\u00e1s zjist\u00edte zde.<\/a><\/p>\n","protected":false},"excerpt":{"rendered":"<p>Co se d\u011bje V\u0161echny pl\u00e1novan\u00e9 akce naleznete zde P\u0159\u00edsp\u011bvky Kdo jsme? Jsme otev\u0159en\u00e1 skupina mlad\u00fdch lid\u00ed, v\u011bkem v\u011bt\u0161inou od 15 let, (ne v\u017edy)pat\u0159\u00edc\u00edch do evangelick\u00fdch sbor\u016f na moravskoslezsku. Spole\u010dn\u011b se n\u011bkolikr\u00e1t ro\u010dn\u011b sejdeme na akc\u00edch, kter\u00e9 po\u0159\u00e1d\u00e1me pro sebe, nebo pro konfirmandy a mlad\u0161\u00ed ml\u00e1de\u017e. Ka\u017edoro\u010dn\u011b po\u0159\u00e1d\u00e1me jednu t\u00fddenn\u00ed a n\u011bkolik v\u00edkendov\u00fdch akc\u00ed. Na n\u011bkter\u00fdch [&hellip;]<\/p>\n","protected":false},"author":1,"featured_media":0,"parent":0,"menu_order":0,"comment_status":"closed","ping_status":"closed","template":"","meta":{"footnotes":""},"class_list":["post-12","page","type-page","status-publish","hentry"],"rankMath":{"parentDomain":"mladez.evangnet.cz","noFollowDomains":[],"noFollowExcludeDomains":[],"noFollowExternalLinks":false,"featuredImageNotice":"Doporu\u010den\u00fd obr\u00e1zek by m\u011bl b\u00fdt alespo\u0148 200 x 200 pixel\u016f, aby jej bylo mo\u017en\u00e9 zachytit na Facebooku a na jin\u00fdch soci\u00e1ln\u00edch s\u00edt\u00edch.","pluginReviewed":false,"postSettings":{"linkSuggestions":true,"useFocusKeyword":false},"frontEndScore":false,"postName":"moravskoslezska-mladez","permalinkFormat":"https:\/\/mladez.evangnet.cz\/moravskoslezska\/","showLockModifiedDate":true,"assessor":{"focusKeywordLink":"https:\/\/mladez.evangnet.cz\/moravskoslezska\/wp-admin\/edit.php?focus_keyword=%focus_keyword%&post_type=%post_type%","hasTOCPlugin":false,"primaryTaxonomy":false,"serpData":{"title":"","description":"","focusKeywords":"Moravskoslezsk\u00e1 ml\u00e1de\u017e","pillarContent":false,"canonicalUrl":"","breadcrumbTitle":"","advancedRobots":[],"facebookTitle":"","facebookDescription":"","facebookImage":"","facebookImageID":"","facebookHasOverlay":false,"facebookImageOverlay":"","facebookAuthor":"","twitterCardType":"","twitterUseFacebook":true,"twitterTitle":"","twitterDescription":"","twitterImage":"","twitterImageID":"","twitterHasOverlay":false,"twitterImageOverlay":"","twitterPlayerUrl":"","twitterPlayerSize":"","twitterPlayerStream":"","twitterPlayerStreamCtype":"","twitterAppDescription":"","twitterAppIphoneName":"","twitterAppIphoneID":"","twitterAppIphoneUrl":"","twitterAppIpadName":"","twitterAppIpadID":"","twitterAppIpadUrl":"","twitterAppGoogleplayName":"","twitterAppGoogleplayID":"","twitterAppGoogleplayUrl":"","twitterAppCountry":"","robots":{"index":true},"twitterAuthor":"u\u017eivatelsk\u00e9 jm\u00e9no","primaryTerm":0,"authorName":"Daniel Van\u010da","titleTemplate":"%title% %sep% %sitename%","descriptionTemplate":"%excerpt%","showScoreFrontend":true,"lockModifiedDate":false},"powerWords":[],"diacritics":{"A":"[\\u0041\\u24B6\\uFF21\\u00C0\\u00C1\\u00C2\\u1EA6\\u1EA4\\u1EAA\\u1EA8\\u00C3\\u0100\\u0102\\u1EB0\\u1EAE\\u1EB4\\u1EB2\\u0226\\u01E0\\u00C4\\u01DE\\u1EA2\\u00C5\\u01FA\\u01CD\\u0200\\u0202\\u1EA0\\u1EAC\\u1EB6\\u1E00\\u0104\\u023A\\u2C6F]","AA":"[\\uA732]","AE":"[\\u00C6\\u01FC\\u01E2]","AO":"[\\uA734]","AU":"[\\uA736]","AV":"[\\uA738\\uA73A]","AY":"[\\uA73C]","B":"[\\u0042\\u24B7\\uFF22\\u1E02\\u1E04\\u1E06\\u0243\\u0182\\u0181]","C":"[\\u0043\\u24B8\\uFF23\\u0106\\u0108\\u010A\\u010C\\u00C7\\u1E08\\u0187\\u023B\\uA73E]","D":"[\\u0044\\u24B9\\uFF24\\u1E0A\\u010E\\u1E0C\\u1E10\\u1E12\\u1E0E\\u0110\\u018B\\u018A\\u0189\\uA779]","DZ":"[\\u01F1\\u01C4]","Dz":"[\\u01F2\\u01C5]","E":"[\\u0045\\u24BA\\uFF25\\u00C8\\u00C9\\u00CA\\u1EC0\\u1EBE\\u1EC4\\u1EC2\\u1EBC\\u0112\\u1E14\\u1E16\\u0114\\u0116\\u00CB\\u1EBA\\u011A\\u0204\\u0206\\u1EB8\\u1EC6\\u0228\\u1E1C\\u0118\\u1E18\\u1E1A\\u0190\\u018E]","F":"[\\u0046\\u24BB\\uFF26\\u1E1E\\u0191\\uA77B]","G":"[\\u0047\\u24BC\\uFF27\\u01F4\\u011C\\u1E20\\u011E\\u0120\\u01E6\\u0122\\u01E4\\u0193\\uA7A0\\uA77D\\uA77E]","H":"[\\u0048\\u24BD\\uFF28\\u0124\\u1E22\\u1E26\\u021E\\u1E24\\u1E28\\u1E2A\\u0126\\u2C67\\u2C75\\uA78D]","I":"[\\u0049\\u24BE\\uFF29\\u00CC\\u00CD\\u00CE\\u0128\\u012A\\u012C\\u0130\\u00CF\\u1E2E\\u1EC8\\u01CF\\u0208\\u020A\\u1ECA\\u012E\\u1E2C\\u0197]","J":"[\\u004A\\u24BF\\uFF2A\\u0134\\u0248]","K":"[\\u004B\\u24C0\\uFF2B\\u1E30\\u01E8\\u1E32\\u0136\\u1E34\\u0198\\u2C69\\uA740\\uA742\\uA744\\uA7A2]","L":"[\\u004C\\u24C1\\uFF2C\\u013F\\u0139\\u013D\\u1E36\\u1E38\\u013B\\u1E3C\\u1E3A\\u0141\\u023D\\u2C62\\u2C60\\uA748\\uA746\\uA780]","LJ":"[\\u01C7]","Lj":"[\\u01C8]","M":"[\\u004D\\u24C2\\uFF2D\\u1E3E\\u1E40\\u1E42\\u2C6E\\u019C]","N":"[\\u004E\\u24C3\\uFF2E\\u01F8\\u0143\\u00D1\\u1E44\\u0147\\u1E46\\u0145\\u1E4A\\u1E48\\u0220\\u019D\\uA790\\uA7A4]","NJ":"[\\u01CA]","Nj":"[\\u01CB]","O":"[\\u004F\\u24C4\\uFF2F\\u00D2\\u00D3\\u00D4\\u1ED2\\u1ED0\\u1ED6\\u1ED4\\u00D5\\u1E4C\\u022C\\u1E4E\\u014C\\u1E50\\u1E52\\u014E\\u022E\\u0230\\u00D6\\u022A\\u1ECE\\u0150\\u01D1\\u020C\\u020E\\u01A0\\u1EDC\\u1EDA\\u1EE0\\u1EDE\\u1EE2\\u1ECC\\u1ED8\\u01EA\\u01EC\\u00D8\\u01FE\\u0186\\u019F\\uA74A\\uA74C]","OI":"[\\u01A2]","OO":"[\\uA74E]","OU":"[\\u0222]","P":"[\\u0050\\u24C5\\uFF30\\u1E54\\u1E56\\u01A4\\u2C63\\uA750\\uA752\\uA754]","Q":"[\\u0051\\u24C6\\uFF31\\uA756\\uA758\\u024A]","R":"[\\u0052\\u24C7\\uFF32\\u0154\\u1E58\\u0158\\u0210\\u0212\\u1E5A\\u1E5C\\u0156\\u1E5E\\u024C\\u2C64\\uA75A\\uA7A6\\uA782]","S":"[\\u0053\\u24C8\\uFF33\\u1E9E\\u015A\\u1E64\\u015C\\u1E60\\u0160\\u1E66\\u1E62\\u1E68\\u0218\\u015E\\u2C7E\\uA7A8\\uA784]","T":"[\\u0054\\u24C9\\uFF34\\u1E6A\\u0164\\u1E6C\\u021A\\u0162\\u1E70\\u1E6E\\u0166\\u01AC\\u01AE\\u023E\\uA786]","TZ":"[\\uA728]","U":"[\\u0055\\u24CA\\uFF35\\u00D9\\u00DA\\u00DB\\u0168\\u1E78\\u016A\\u1E7A\\u016C\\u00DC\\u01DB\\u01D7\\u01D5\\u01D9\\u1EE6\\u016E\\u0170\\u01D3\\u0214\\u0216\\u01AF\\u1EEA\\u1EE8\\u1EEE\\u1EEC\\u1EF0\\u1EE4\\u1E72\\u0172\\u1E76\\u1E74\\u0244]","V":"[\\u0056\\u24CB\\uFF36\\u1E7C\\u1E7E\\u01B2\\uA75E\\u0245]","VY":"[\\uA760]","W":"[\\u0057\\u24CC\\uFF37\\u1E80\\u1E82\\u0174\\u1E86\\u1E84\\u1E88\\u2C72]","X":"[\\u0058\\u24CD\\uFF38\\u1E8A\\u1E8C]","Y":"[\\u0059\\u24CE\\uFF39\\u1EF2\\u00DD\\u0176\\u1EF8\\u0232\\u1E8E\\u0178\\u1EF6\\u1EF4\\u01B3\\u024E\\u1EFE]","Z":"[\\u005A\\u24CF\\uFF3A\\u0179\\u1E90\\u017B\\u017D\\u1E92\\u1E94\\u01B5\\u0224\\u2C7F\\u2C6B\\uA762]","a":"[\\u0061\\u24D0\\uFF41\\u1E9A\\u00E0\\u00E1\\u00E2\\u1EA7\\u1EA5\\u1EAB\\u1EA9\\u00E3\\u0101\\u0103\\u1EB1\\u1EAF\\u1EB5\\u1EB3\\u0227\\u01E1\\u00E4\\u01DF\\u1EA3\\u00E5\\u01FB\\u01CE\\u0201\\u0203\\u1EA1\\u1EAD\\u1EB7\\u1E01\\u0105\\u2C65\\u0250]","aa":"[\\uA733]","ae":"[\\u00E6\\u01FD\\u01E3]","ao":"[\\uA735]","au":"[\\uA737]","av":"[\\uA739\\uA73B]","ay":"[\\uA73D]","b":"[\\u0062\\u24D1\\uFF42\\u1E03\\u1E05\\u1E07\\u0180\\u0183\\u0253]","c":"[\\u0063\\u24D2\\uFF43\\u0107\\u0109\\u010B\\u010D\\u00E7\\u1E09\\u0188\\u023C\\uA73F\\u2184]","d":"[\\u0064\\u24D3\\uFF44\\u1E0B\\u010F\\u1E0D\\u1E11\\u1E13\\u1E0F\\u0111\\u018C\\u0256\\u0257\\uA77A]","dz":"[\\u01F3\\u01C6]","e":"[\\u0065\\u24D4\\uFF45\\u00E8\\u00E9\\u00EA\\u1EC1\\u1EBF\\u1EC5\\u1EC3\\u1EBD\\u0113\\u1E15\\u1E17\\u0115\\u0117\\u00EB\\u1EBB\\u011B\\u0205\\u0207\\u1EB9\\u1EC7\\u0229\\u1E1D\\u0119\\u1E19\\u1E1B\\u0247\\u025B\\u01DD]","f":"[\\u0066\\u24D5\\uFF46\\u1E1F\\u0192\\uA77C]","g":"[\\u0067\\u24D6\\uFF47\\u01F5\\u011D\\u1E21\\u011F\\u0121\\u01E7\\u0123\\u01E5\\u0260\\uA7A1\\u1D79\\uA77F]","h":"[\\u0068\\u24D7\\uFF48\\u0125\\u1E23\\u1E27\\u021F\\u1E25\\u1E29\\u1E2B\\u1E96\\u0127\\u2C68\\u2C76\\u0265]","hv":"[\\u0195]","i":"[\\u0069\\u24D8\\uFF49\\u00EC\\u00ED\\u00EE\\u0129\\u012B\\u012D\\u00EF\\u1E2F\\u1EC9\\u01D0\\u0209\\u020B\\u1ECB\\u012F\\u1E2D\\u0268\\u0131]","j":"[\\u006A\\u24D9\\uFF4A\\u0135\\u01F0\\u0249]","k":"[\\u006B\\u24DA\\uFF4B\\u1E31\\u01E9\\u1E33\\u0137\\u1E35\\u0199\\u2C6A\\uA741\\uA743\\uA745\\uA7A3]","l":"[\\u006C\\u24DB\\uFF4C\\u0140\\u013A\\u013E\\u1E37\\u1E39\\u013C\\u1E3D\\u1E3B\\u017F\\u0142\\u019A\\u026B\\u2C61\\uA749\\uA781\\uA747]","lj":"[\\u01C9]","m":"[\\u006D\\u24DC\\uFF4D\\u1E3F\\u1E41\\u1E43\\u0271\\u026F]","n":"[\\u006E\\u24DD\\uFF4E\\u01F9\\u0144\\u00F1\\u1E45\\u0148\\u1E47\\u0146\\u1E4B\\u1E49\\u019E\\u0272\\u0149\\uA791\\uA7A5]","nj":"[\\u01CC]","o":"[\\u006F\\u24DE\\uFF4F\\u00F2\\u00F3\\u00F4\\u1ED3\\u1ED1\\u1ED7\\u1ED5\\u00F5\\u1E4D\\u022D\\u1E4F\\u014D\\u1E51\\u1E53\\u014F\\u022F\\u0231\\u00F6\\u022B\\u1ECF\\u0151\\u01D2\\u020D\\u020F\\u01A1\\u1EDD\\u1EDB\\u1EE1\\u1EDF\\u1EE3\\u1ECD\\u1ED9\\u01EB\\u01ED\\u00F8\\u01FF\\u0254\\uA74B\\uA74D\\u0275]","oi":"[\\u01A3]","ou":"[\\u0223]","oo":"[\\uA74F]","p":"[\\u0070\\u24DF\\uFF50\\u1E55\\u1E57\\u01A5\\u1D7D\\uA751\\uA753\\uA755]","q":"[\\u0071\\u24E0\\uFF51\\u024B\\uA757\\uA759]","r":"[\\u0072\\u24E1\\uFF52\\u0155\\u1E59\\u0159\\u0211\\u0213\\u1E5B\\u1E5D\\u0157\\u1E5F\\u024D\\u027D\\uA75B\\uA7A7\\uA783]","s":"[\\u0073\\u24E2\\uFF53\\u015B\\u1E65\\u015D\\u1E61\\u0161\\u1E67\\u1E63\\u1E69\\u0219\\u015F\\u023F\\uA7A9\\uA785\\u1E9B]","ss":"[\\u00DF]","t":"[\\u0074\\u24E3\\uFF54\\u1E6B\\u1E97\\u0165\\u1E6D\\u021B\\u0163\\u1E71\\u1E6F\\u0167\\u01AD\\u0288\\u2C66\\uA787]","tz":"[\\uA729]","u":"[\\u0075\\u24E4\\uFF55\\u00F9\\u00FA\\u00FB\\u0169\\u1E79\\u016B\\u1E7B\\u016D\\u00FC\\u01DC\\u01D8\\u01D6\\u01DA\\u1EE7\\u016F\\u0171\\u01D4\\u0215\\u0217\\u01B0\\u1EEB\\u1EE9\\u1EEF\\u1EED\\u1EF1\\u1EE5\\u1E73\\u0173\\u1E77\\u1E75\\u0289]","v":"[\\u0076\\u24E5\\uFF56\\u1E7D\\u1E7F\\u028B\\uA75F\\u028C]","vy":"[\\uA761]","w":"[\\u0077\\u24E6\\uFF57\\u1E81\\u1E83\\u0175\\u1E87\\u1E85\\u1E98\\u1E89\\u2C73]","x":"[\\u0078\\u24E7\\uFF58\\u1E8B\\u1E8D]","y":"[\\u0079\\u24E8\\uFF59\\u1EF3\\u00FD\\u0177\\u1EF9\\u0233\\u1E8F\\u00FF\\u1EF7\\u1E99\\u1EF5\\u01B4\\u024F\\u1EFF]","z":"[\\u007A\\u24E9\\uFF5A\\u017A\\u1E91\\u017C\\u017E\\u1E93\\u1E95\\u01B6\\u0225\\u0240\\u2C6C\\uA763]"},"researchesTests":["contentHasTOC","contentHasShortParagraphs","contentHasAssets","keywordInTitle","keywordInMetaDescription","keywordInPermalink","keywordIn10Percent","keywordInContent","keywordInSubheadings","keywordInImageAlt","keywordDensity","keywordNotUsed","lengthContent","lengthPermalink","linksHasInternal","linksHasExternals","linksNotAllExternals","titleStartWithKeyword","titleSentiment","titleHasPowerWords","titleHasNumber","hasContentAI"],"hasRedirection":false,"hasBreadcrumb":false},"homeUrl":"https:\/\/mladez.evangnet.cz\/moravskoslezska","objectID":12,"objectType":"post","locale":"cs","localeFull":"cs_CZ","overlayImages":{"play":{"name":"Ikona p\u0159ehr\u00e1v\u00e1n\u00ed","url":"https:\/\/mladez.evangnet.cz\/moravskoslezska\/wp-content\/plugins\/seo-by-rank-math\/assets\/admin\/img\/icon-play.png","path":"\/home\/eusers\/e-mladez\/public\/wp-content\/plugins\/seo-by-rank-math\/assets\/admin\/img\/icon-play.png","position":"middle_center"},"gif":{"name":"GIF ikona","url":"https:\/\/mladez.evangnet.cz\/moravskoslezska\/wp-content\/plugins\/seo-by-rank-math\/assets\/admin\/img\/icon-gif.png","path":"\/home\/eusers\/e-mladez\/public\/wp-content\/plugins\/seo-by-rank-math\/assets\/admin\/img\/icon-gif.png","position":"middle_center"}},"defautOgImage":"https:\/\/mladez.evangnet.cz\/moravskoslezska\/wp-content\/plugins\/seo-by-rank-math\/assets\/admin\/img\/social-placeholder.jpg","customPermalinks":true,"isUserRegistered":true,"autoSuggestKeywords":true,"connectSiteUrl":"https:\/\/rankmath.com\/auth?site=https%3A%2F%2Fmladez.evangnet.cz%2Fmoravskoslezska&r=https%3A%2F%2Fmladez.evangnet.cz%2Fmoravskoslezska%2Fwp-json%2Fwp%2Fv2%2Fpages%2F12%3Fnonce%3Dffdf6b7633","maxTags":5,"trendsIcon":"<svg viewBox=\"0 0 610 610\"><path d=\"M18.85,446,174.32,290.48l58.08,58.08L76.93,504a14.54,14.54,0,0,1-20.55,0L18.83,466.48a14.54,14.54,0,0,1,0-20.55Z\" style=\"fill:#4285f4\"\/><path d=\"M242.65,242.66,377.59,377.6l-47.75,47.75a14.54,14.54,0,0,1-20.55,0L174.37,290.43l47.75-47.75A14.52,14.52,0,0,1,242.65,242.66Z\" style=\"fill:#ea4335\"\/><polygon points=\"319.53 319.53 479.26 159.8 537.34 217.88 377.61 377.62 319.53 319.53\" style=\"fill:#fabb05\"\/><path d=\"M594.26,262.73V118.61h0a16.94,16.94,0,0,0-16.94-16.94H433.2a16.94,16.94,0,0,0-12,28.92L565.34,274.71h0a16.94,16.94,0,0,0,28.92-12Z\" style=\"fill:#34a853\"\/><rect width=\"610\" height=\"610\" style=\"fill:none\"\/><\/svg>","showScore":true,"siteFavIcon":"https:\/\/mladez.evangnet.cz\/moravskoslezska\/wp-content\/uploads\/sites\/10\/2025\/05\/logo-moravskoslezska-150x150.webp","canUser":{"general":false,"advanced":false,"snippet":false,"social":false,"analysis":false,"analytics":false,"content_ai":false},"showKeywordIntent":true,"isPro":false,"is_front_page":false,"trendsUpgradeLink":"https:\/\/rankmath.com\/pricing\/?utm_source=Plugin&utm_medium=CE%20General%20Tab%20Trends&utm_campaign=WP","trendsUpgradeLabel":"Upgradovat","trendsPreviewImage":"https:\/\/mladez.evangnet.cz\/moravskoslezska\/wp-content\/plugins\/seo-by-rank-math\/assets\/admin\/img\/trends-preview.jpg","currentEditor":false,"homepageData":{"assessor":{"powerWords":[],"diacritics":true,"researchesTests":["contentHasTOC","contentHasShortParagraphs","contentHasAssets","keywordInTitle","keywordInMetaDescription","keywordInPermalink","keywordIn10Percent","keywordInContent","keywordInSubheadings","keywordInImageAlt","keywordDensity","keywordNotUsed","lengthContent","lengthPermalink","linksHasInternal","linksHasExternals","linksNotAllExternals","titleStartWithKeyword","titleSentiment","titleHasPowerWords","titleHasNumber","hasContentAI"],"hasBreadcrumb":false,"serpData":{"title":"%sitename% %page% %sep% %sitedesc%","description":"","titleTemplate":"%sitename% %page% %sep% %sitedesc%","descriptionTemplate":"","focusKeywords":"","breadcrumbTitle":"Dom\u016f","robots":{"index":true},"advancedRobots":[],"facebookTitle":"","facebookDescription":"","facebookImage":"","facebookImageID":""}}},"tocTitle":"Table of Contents","tocExcludeHeadings":[],"listStyle":"ul"},"_links":{"self":[{"href":"https:\/\/mladez.evangnet.cz\/moravskoslezska\/wp-json\/wp\/v2\/pages\/12","targetHints":{"allow":["GET"]}}],"collection":[{"href":"https:\/\/mladez.evangnet.cz\/moravskoslezska\/wp-json\/wp\/v2\/pages"}],"about":[{"href":"https:\/\/mladez.evangnet.cz\/moravskoslezska\/wp-json\/wp\/v2\/types\/page"}],"author":[{"embeddable":true,"href":"https:\/\/mladez.evangnet.cz\/moravskoslezska\/wp-json\/wp\/v2\/users\/1"}],"replies":[{"embeddable":true,"href":"https:\/\/mladez.evangnet.cz\/moravskoslezska\/wp-json\/wp\/v2\/comments?post=12"}],"version-history":[{"count":23,"href":"https:\/\/mladez.evangnet.cz\/moravskoslezska\/wp-json\/wp\/v2\/pages\/12\/revisions"}],"predecessor-version":[{"id":1558,"href":"https:\/\/mladez.evangnet.cz\/moravskoslezska\/wp-json\/wp\/v2\/pages\/12\/revisions\/1558"}],"wp:attachment":[{"href":"https:\/\/mladez.evangnet.cz\/moravskoslezska\/wp-json\/wp\/v2\/media?parent=12"}],"curies":[{"name":"wp","href":"https:\/\/api.w.org\/{rel}","templated":true}]}}