{"id":968,"date":"2025-05-23T10:52:31","date_gmt":"2025-05-23T08:52:31","guid":{"rendered":"https:\/\/mladez.evangnet.cz\/moravskoslezska\/?post_type=event&#038;p=968"},"modified":"2025-05-27T09:12:05","modified_gmt":"2025-05-27T07:12:05","slug":"letni-senioratni-tyden-2","status":"publish","type":"event","link":"https:\/\/mladez.evangnet.cz\/moravskoslezska\/akce\/letni-senioratni-tyden-2\/","title":{"rendered":"Letn\u00ed senior\u00e1tn\u00ed t\u00fdden"},"content":{"rendered":"<p>Bezpe\u010d\u00ed. To je t\u00e9ma Letn\u00edho senior\u00e1tn\u00edho t\u00fddne, kter\u00fd se bude konat 24. &#8211; 31. 8. v Doma\u0161ov\u011b nad Byst\u0159ic\u00ed. Jak lze bezpe\u010d\u00ed ch\u00e1pat v r\u016fzn\u00fdch kontextech? Co znamen\u00e1 bezpe\u010d\u00ed pro m\u011b a co pro n\u011bkoho jin\u00e9ho? Jak se pod\u00edlet na jeho udr\u017eov\u00e1n\u00ed \u010di vytv\u00e1\u0159en\u00ed?<\/p>\n<p>M\u016f\u017eete se t\u011b\u0161it na skv\u011bl\u00fd program, workshopy, spole\u010denstv\u00ed, sport \u010di poflakov\u00e1n\u00ed se s p\u0159\u00e1teli.<\/p>\n<p>\u2014\u2014\u2014\u2014\u2014<br \/>\nCena za cel\u00fd t\u00fdden je 2200 K\u010d; pro \u010dleny\/ky SEMu 2000 K\u010d; pro organiz\u00e1tory 1600 K\u010d; ceny plat\u00ed p\u0159i zaplacen\u00ed do 31. \u010dervence (v\u010detn\u011b), p\u0159i pozd\u011bj\u0161\u00edm zaplacen\u00ed je cena pro v\u0161echny 2500 K\u010d<br \/>\nPokud se nach\u00e1z\u00edte ve \u0161patn\u00e9 finan\u010dn\u00ed situaci, napi\u0161te n\u00e1m a individu\u00e1ln\u011b se m\u016f\u017eeme domluvit na slev\u011b\/prominut\u00ed poplatku za pobyt.<br \/>\nPlatbu pos\u00edlejte na \u00fa\u010det M-Semu: 2700550969\/2010 a do pozn\u00e1mky napi\u0161te sv\u00e9 jm\u00e9no. Zvl\u00e1\u0161tn\u00edch ot\u00e1zky ohledn\u011b placen\u00ed bude mo\u017en\u00e9 \u0159e\u0161it individu\u00e1ln\u011b.<\/p>\n<p>\u2014\u2014\u2014\u2014\u2014<br \/>\nDoporu\u010den\u00fd v\u011bk: 15 \u2013 30+<br \/>\nDatum: 24. \u2013 31. 8. 2024<br \/>\nUbytov\u00e1n\u00ed: <a href=\"https:\/\/domasov.webnode.cz\/\" target=\"_blank\" rel=\"noopener\">Skautsk\u00e9 centrum Doma\u0161ov<\/a><br \/>\nBli\u017e\u0161\u00ed informace budou dopln\u011bny postupn\u011b.<br \/>\nAkci finan\u010dn\u011b podporuje Ministerstvo \u0161kolstv\u00ed, ml\u00e1de\u017ee a t\u011blov\u00fdchovy.<br \/>\n\u2014\u2014\u2014\u2014\u2014<br \/>\nP\u0159\u00edpadn\u00e9 dotazy je mo\u017eno sm\u011brovat na Messenger \u010di mail<br \/>\nmoravskoslezska-mladez@evangnet.cz<br \/>\nnebo na p\u0159edsedu SOMu<br \/>\nToma Domese<br \/>\ndomestomas@gmail.com<\/p>\n<h2>Program<\/h2>\n<p><a href=\"https:\/\/lst.msmladez.cz\" target=\"_blank\" rel=\"noopener\">\u017div\u00fd program, anotace a feedback v aplikaci LST Navig\u00e1tor<\/a><\/p>\n<div class=\"x11i5rnm xat24cr x1mh8g0r x1vvkbs xtlvy1s x126k92a\">\n<h3 dir=\"auto\">Hlavn\u00ed program (9:30)<\/h3>\n<p>&#8211; V\u00e1lka &#8211; Richard Vlas\u00e1k (po)<br \/>\n&#8211; Nekomfort &#8211; Ivan Ry\u0161av\u00fd (\u00fat)<br \/>\n&#8211; V\u00fdlet (\u00fat 12:30)<br \/>\n&#8211; Bezpe\u010d\u00ed pro m\u011b &#8211; Kaba a Eli\u0161ka (st)<br \/>\n&#8211; Bezpe\u010d\u00ed pro ostatn\u00ed &#8211; Dalimil Stan\u011bk (\u010dt)<br \/>\n&#8211; Obohacen\u00ed nebo ohro\u017een\u00ed &#8211; Mikul\u00e1\u0161 Vym\u011btal (p\u00e1). Anotace:<br \/>\nNej\u010dast\u011bj\u0161\u00edm \u010desk\u00fdm p\u0159\u00edjmen\u00edm je Nov\u00e1k a ka\u017ed\u00fd je ob\u010das n\u011bkde nov\u00fd. Jak se takov\u00fd \u010dlov\u011bk c\u00edt\u00ed? Kdy je nov\u00fd \u010dlov\u011bk v\u00edtan\u00fd jako posila a zpest\u0159en\u00ed, a kdy je pro druh\u00e9 ciz\u00e1kem, kter\u00fd vzbuzuje strach? Jak prom\u011bnit pocit ohro\u017een\u00ed v obohacen\u00ed? M\u016f\u017ee c\u00edrkev nebo spole\u010denstv\u00ed ml\u00e1de\u017ee k tomu, aby se z cizinc\u016f st\u00e1vali na\u0161inci?<br \/>\n&#8211; Z\u00e1v\u011bre\u010dn\u00e1 bohoslu\u017eba &#8211; \u0160t\u011bp\u00e1n Jan\u010da (so)<\/p>\n<\/div>\n<div class=\"x11i5rnm xat24cr x1mh8g0r x1vvkbs xtlvy1s x126k92a\">\n<h3 dir=\"auto\">D\u00edlny (15:00)<\/h3>\n<p>Ned\u011ble:<br \/>\n&#8211; Deskovky (Tom Domes), Va\u0159en\u00ed (Malvi), Mas\u00e1\u017en\u00ed (Ondra)<br \/>\nPond\u011bl\u00ed:<br \/>\n&#8211; Biblick\u00e1 (Roman Mazur), Energetika (Aneta Bedn\u00e1rov\u00e1), Batikov\u00e1n\u00ed (P\u00e1ja)<br \/>\nSt\u0159eda:<br \/>\n&#8211; Bylinky (Dana Kenningov\u00e1), Sebeobrana (Ver\u010da Zaj\u00edcov\u00e1), Dobrovolnictv\u00ed (Alena Hellerov\u00e1, Ond\u0159ej Kud\u011blka)<br \/>\n\u010ctvrtek:<br \/>\n&#8211; Fotografie (Vojt\u011bch Ondr\u00e1k), Ultimate Frisbee (Tom Domes), Poslechov\u00e1 (Eda)<\/p>\n<h3>Anotace<\/h3>\n<p><b>Mas\u00e1\u017en\u00ed (Ondra Dehner)<\/b><\/p>\n<p>Budeme se v\u011bnovat p\u0159edev\u0161\u00edm relaxa\u010dn\u00edm mas\u00e1\u017e\u00edm r\u016fzn\u00fdch \u010d\u00e1st\u00ed t\u011bla. Krom toho se tak\u00e9 z\u00e1jemci mohou nau\u010dit metodu ischemick\u00e9 komprese spou\u0161\u0165ov\u00fdch bod\u016f (myofasci\u00e1ln\u00edch trigger point\u016f). Doporu\u010duje se p\u0159ed mas\u00e1\u017e\u00ed prov\u00e9st t\u011blesnou o\u010distu!<\/p>\n<p><b>Va\u0159en\u00ed (Malvi)<\/b><b><br \/>\n<\/b>Na va\u0159\u00edc\u00ed d\u00edln\u011b si budeme hr\u00e1t s dv\u011bma typy t\u011bsta (a \u0161irokou variac\u00ed slan\u00fdch i sladk\u00fdch n\u00e1pln\u00ed); budeme ho tvarovat, plnit, pl\u00e9st, vytahovat, balit a r\u016fzn\u011b se s n\u00edm babrat dle kreativity \u00fa\u010dastn\u00edk\u016f. V\u00fdsledkem bude ve\u010de\u0159e \ud83d\ude42<\/p>\n<p><b>Biblick\u00e1 (Roman Mazur)<\/b><\/p>\n<p>Pomoc\u00ed jednoduch\u00e9 metody \u201cT\u0159i symboly\u201d se pono\u0159\u00edme do vybran\u00e9ho biblick\u00e9ho textu.<\/p>\n<p><b>Energetika \u010cR (Energetick\u00e1 gramotnost \u2013 Aneta Bedn\u00e1rov\u00e1)<\/b><\/p>\n<p>C\u00edlem p\u0159edn\u00e1\u0161ky je posun ve v\u011bdomostech a postoj\u00edch \u00fa\u010dastn\u00edk\u016f v oblasti obnoviteln\u00fdch i neobnoviteln\u00fdch energetick\u00fdch zdroj\u016f a jejich vz\u00e1jemn\u00e9 prov\u00e1zanosti. \u00da\u010dastn\u00edci se sezn\u00e1m\u00ed s n\u00e1rodn\u00edmi prioritami v dan\u00e9 oblasti v porovn\u00e1n\u00ed s prioritami okoln\u00edch st\u00e1t\u016f a r\u016fzn\u00fdch environment\u00e1ln\u011b zam\u011b\u0159en\u00fdch skupin v na\u0161\u00ed zemi i za jej\u00edmi hranicemi. Na\u0161\u00ed snahou je bo\u0159en\u00ed za\u017eit\u00fdch p\u0159edsudk\u016f a stereotyp\u016f.<\/p>\n<p><b>Bylinky (Danka Kenningov\u00e1)<\/b><\/p>\n<p>\u0160alv\u011bj, medu\u0148ka, \u0159eb\u0159\u00ed\u010dek\u2026 Co si d\u00e1t, kdy\u017e nem\u016f\u017eu sp\u00e1t? Nebo mne bol\u00ed v krku, b\u0159icho, kotn\u00edk? \u201cNen\u00ed bylina, aby na n\u011bco nebyla.\u201d (Maria Treben). Pokud se ale nechce\u0161 otr\u00e1vit, p\u0159ij\u010f na bylinkovou d\u00edlnu.<\/p>\n<p><b>Sebeobrana (Ver\u010da Zaj\u00edcov\u00e1)<\/b><\/p>\n<p>Projedeme si p\u00e1kov\u00e9 techniky, kter\u00e9 se hod\u00ed proti siln\u011bj\u0161\u00edm soupe\u0159\u016fm a pat\u0159\u00ed do z\u00e1kladn\u00ed sebeobrany. Ide\u00e1ln\u011b si k sob\u011b p\u0159iberte kamar\u00e1da.<\/p>\n<p><b>Dobrovolnictv\u00ed (Alena Hellerov\u00e1, Ond\u0159ej Kud\u011blka)<\/b><\/p>\n<p>Riskuj dobrovolnictv\u00ed<\/p>\n<p>Chce\u0161 se rozv\u00edjet, pozn\u00e1vat nov\u00e9 lidi a z\u00edsk\u00e1vat nov\u00e9 zku\u0161enosti? Pokud m\u00e1\u0161 odvahu a velkorysost ti tak\u00e9 nen\u00ed ciz\u00ed, pak je dobrovolnictv\u00ed pro tebe to prav\u00e9!<\/p>\n<p>Na workshopu t\u011b \u010dekaj\u00ed zaj\u00edmavosti z oblasti dobrovolnictv\u00ed, interaktivn\u00ed hra, informace o mo\u017enostech dobrovolnictv\u00ed v \u010cR i v zahrani\u010d\u00ed, sd\u00edlen\u00ed, kapka sebepozn\u00e1n\u00ed a tvo\u0159iv\u00e1 pr\u00e1ce.<\/p>\n<p>V\u011bnovat se v\u00e1m budou: Alena Hellerov\u00e1, koordin\u00e1torka dobrovoln\u00edk\u016f a Ond\u0159ej Kud\u011blka, PR Diakonie Vala\u0161sk\u00e9 Mezi\u0159\u00ed\u010d\u00ed.<\/p>\n<p><b>Fotografick\u00e1 (Vojt\u011bch Ondr\u00e1k)<\/b><\/p>\n<p>Kr\u00e1tce si uk\u00e1\u017eeme princip fotografie a n\u00e1sledn\u011b zkus\u00edme vytvo\u0159it n\u011bkolik portr\u00e9t\u016f \u00fa\u010dastn\u00edk\u016f s vyu\u017eit\u00edm p\u0159irozen\u00e9ho sv\u011btla, pop\u0159. jednoduch\u00e9 sv\u011bteln\u00e9 konstrukce.<\/p>\n<p><b>Poslechov\u00e1 (Eda)<\/b><\/p>\n<p>Spole\u010dn\u011b si poslechneme cel\u00e9 album od za\u010d\u00e1tku do konce a budeme si o n\u011bm pak pov\u00eddat. Na v\u00fdb\u011br bude ze 2 alb: bu\u010f All of us Flames od Ezra Furman (underground pop rock s neoby\u010dejnou produkc\u00ed a poetick\u00fdmi texty o putov\u00e1n\u00ed, hled\u00e1n\u00ed komunity mezi lidmi na okraji spole\u010dnosti a o v\u00ed\u0159e); nebo Preacher\u2019s Daughter od Ethel Cain (ambientn\u00ed pop\/rockov\u00e9 koncep\u010dn\u00ed album s prvky blues, country a hororu, zab\u00fdvaj\u00edc\u00ed se fiktivn\u00edm p\u0159\u00edb\u011bhem d\u00edvky, kter\u00e1 ute\u010de z malom\u011bsta a pot\u00fdk\u00e1 se se svou minulost\u00ed a se sv\u00fdm osudem). Znalost angli\u010dtiny je v\u00fdhodou, ale k dispozici budou i pomocn\u00e9 rychlop\u0159eklady (p\u0159\u00edpadn\u011b vysv\u011btlivky).<\/p>\n<\/div>\n<div class=\"x11i5rnm xat24cr x1mh8g0r x1vvkbs xtlvy1s x126k92a\">\n<h3 dir=\"auto\">Ve\u010dern\u00ed program (20:00)<\/h3>\n<div dir=\"auto\">&#8211; Tane\u010dn\u00ed ve\u010der (ne)<\/div>\n<div dir=\"auto\">&#8211; T\u00fdmov\u00e1 hra (po)<\/div>\n<div dir=\"auto\">&#8211; T\u00e1bor\u00e1k (\u00fat)<\/div>\n<div dir=\"auto\">&#8211; Porada ml\u00e1de\u017ee (st)<\/div>\n<div dir=\"auto\">&#8211; \u010cajovna (\u010dt)<\/div>\n<div dir=\"auto\">&#8211; Z\u00e1bavn\u00fd ve\u010der (p\u00e1)<\/div>\n<\/div>\n","protected":false},"featured_media":970,"menu_order":0,"template":"","categories":[],"class_list":["post-968","event","type-event","status-publish","has-post-thumbnail","hentry"],"_links":{"self":[{"href":"https:\/\/mladez.evangnet.cz\/moravskoslezska\/wp-json\/wp\/v2\/event\/968","targetHints":{"allow":["GET"]}}],"collection":[{"href":"https:\/\/mladez.evangnet.cz\/moravskoslezska\/wp-json\/wp\/v2\/event"}],"about":[{"href":"https:\/\/mladez.evangnet.cz\/moravskoslezska\/wp-json\/wp\/v2\/types\/event"}],"version-history":[{"count":1,"href":"https:\/\/mladez.evangnet.cz\/moravskoslezska\/wp-json\/wp\/v2\/event\/968\/revisions"}],"predecessor-version":[{"id":1226,"href":"https:\/\/mladez.evangnet.cz\/moravskoslezska\/wp-json\/wp\/v2\/event\/968\/revisions\/1226"}],"wp:featuredmedia":[{"embeddable":true,"href":"https:\/\/mladez.evangnet.cz\/moravskoslezska\/wp-json\/wp\/v2\/media\/970"}],"wp:attachment":[{"href":"https:\/\/mladez.evangnet.cz\/moravskoslezska\/wp-json\/wp\/v2\/media?parent=968"}],"wp:term":[{"taxonomy":"category","embeddable":true,"href":"https:\/\/mladez.evangnet.cz\/moravskoslezska\/wp-json\/wp\/v2\/categories?post=968"}],"curies":[{"name":"wp","href":"https:\/\/api.w.org\/{rel}","templated":true}]}}