{"id":940,"date":"2025-05-23T10:52:31","date_gmt":"2025-05-23T08:52:31","guid":{"rendered":"https:\/\/mladez.evangnet.cz\/moravskoslezska\/?post_type=event&#038;p=940"},"modified":"2025-05-27T09:12:05","modified_gmt":"2025-05-27T07:12:05","slug":"vikendovka-pro-mladsi-mladez","status":"publish","type":"event","link":"https:\/\/mladez.evangnet.cz\/moravskoslezska\/akce\/vikendovka-pro-mladsi-mladez\/","title":{"rendered":"V\u00edkendovka pro mlad\u0161\u00ed ml\u00e1de\u017e"},"content":{"rendered":"<p>Ji\u017e se bl\u00ed\u017e\u00ed prvn\u00ed ze dvou leto\u0161n\u00edch v\u00edkendov\u00fdch akc\u00ed pro konfirmandy a mlad\u0161\u00ed ml\u00e1de\u017e (12-15 let). V\u00edkendovka p\u0159in\u00e1\u0161\u00ed mo\u017enost propojen\u00ed mlad\u00fdch lid\u00ed nap\u0159\u00ed\u010d r\u016fzn\u00fdmi sbory a m\u011bsty, spole\u010dn\u00e9ho kreativn\u00edho, sportovn\u00edho i duchovn\u00edho vy\u017eit\u00ed. Takov\u00e1 obl\u00edben\u00e1 evangelick\u00e1 v\u0161ehochu\u0165 \ud83d\ude42<\/p>\n<p>Spole\u010dn\u011b se setk\u00e1me v malebn\u00e9 obci Hodslavice, rodi\u0161ti Franti\u0161ka Palack\u00e9ho (o kter\u00e9m se mo\u017en\u00e1 taky n\u011bco dozv\u00edme).<\/p>\n<p><span class=\"wsw-02 wnd-font-size-110\">Akce je zam\u011b\u0159ena na ml\u00e1de\u017en\u00edky, kte\u0159\u00ed je\u0161t\u011b nebyli na \u017e\u00e1dn\u00e9 senior\u00e1tn\u00ed akci (to jsou v\u0161echny ostatn\u00ed akce na t\u011bchto webov\u00fdch str\u00e1nk\u00e1ch). Pokud chce\u0161 za\u010d\u00edt jezdit, pak je pro tebe nejvhodn\u011bj\u0161\u00ed tato akce. Samoz\u0159ejm\u011b p\u0159ije\u010f i kdy\u017e u\u017e jsi na &#8222;konfirmandech&#8220; byl. M\u016f\u017eete se t\u011b\u0161it na skv\u011bl\u00fd program p\u0159ipravovan\u00fd far\u00e1\u0159i a nad\u0161en\u00fdmi star\u0161\u00edmi ml\u00e1de\u017en\u00edky, v\u00fdborn\u00e9 j\u00eddlo, hry, zp\u00edv\u00e1n\u00ed, kamar\u00e1dy a spoustu dal\u0161\u00edho<\/span>\u00a0\ud83d\ude42<\/p>\n<h2>Na\u0161e t\u00e9ma: Apo\u0161tolsk\u00e9 vyzn\u00e1n\u00ed v\u00edry<\/h2>\n<ul>\n<li>Ano! To je takov\u00e1 ta velice tajemn\u00e1 a z\u00e1hadn\u00e1 \u0159\u00edkanka, kterou lid\u00e9 recituj\u00ed v kostele!<\/li>\n<li>Je to n\u011bco jako vyzn\u00e1n\u00ed&#8230; l\u00e1sky?<\/li>\n<li>Nebo jako&#8230; hroziv\u00fd m\u00edstop\u0159\u00edse\u017en\u00fd slib?<\/li>\n<\/ul>\n","protected":false},"featured_media":942,"menu_order":0,"template":"","categories":[],"class_list":["post-940","event","type-event","status-publish","has-post-thumbnail","hentry"],"_links":{"self":[{"href":"https:\/\/mladez.evangnet.cz\/moravskoslezska\/wp-json\/wp\/v2\/event\/940","targetHints":{"allow":["GET"]}}],"collection":[{"href":"https:\/\/mladez.evangnet.cz\/moravskoslezska\/wp-json\/wp\/v2\/event"}],"about":[{"href":"https:\/\/mladez.evangnet.cz\/moravskoslezska\/wp-json\/wp\/v2\/types\/event"}],"version-history":[{"count":1,"href":"https:\/\/mladez.evangnet.cz\/moravskoslezska\/wp-json\/wp\/v2\/event\/940\/revisions"}],"predecessor-version":[{"id":1227,"href":"https:\/\/mladez.evangnet.cz\/moravskoslezska\/wp-json\/wp\/v2\/event\/940\/revisions\/1227"}],"wp:featuredmedia":[{"embeddable":true,"href":"https:\/\/mladez.evangnet.cz\/moravskoslezska\/wp-json\/wp\/v2\/media\/942"}],"wp:attachment":[{"href":"https:\/\/mladez.evangnet.cz\/moravskoslezska\/wp-json\/wp\/v2\/media?parent=940"}],"wp:term":[{"taxonomy":"category","embeddable":true,"href":"https:\/\/mladez.evangnet.cz\/moravskoslezska\/wp-json\/wp\/v2\/categories?post=940"}],"curies":[{"name":"wp","href":"https:\/\/api.w.org\/{rel}","templated":true}]}}