{"id":922,"date":"2025-05-23T10:52:31","date_gmt":"2025-05-23T08:52:31","guid":{"rendered":"https:\/\/mladez.evangnet.cz\/moravskoslezska\/?post_type=event&#038;p=922"},"modified":"2025-05-27T09:12:05","modified_gmt":"2025-05-27T07:12:05","slug":"kreativni-vikendovka-krev","status":"publish","type":"event","link":"https:\/\/mladez.evangnet.cz\/moravskoslezska\/akce\/kreativni-vikendovka-krev\/","title":{"rendered":"Kreativn\u00ed v\u00edkendovka &#8211; KreV"},"content":{"rendered":"<h4 class=\"-wm-null\"><span class=\"-wm-mc-toc-title\">Ahoj moravskoslezsk\u00e1 i v\u00fdchodomoravsk\u00e1 ml\u00e1de\u017ei!<\/span><\/h4>\n<p>Rok se s rokem se\u0161el a my se bl\u00ed\u017e\u00edme ke konci. Uplynul\u00fd rok byl pln\u00fd kr\u00e1sn\u00fdch ml\u00e1de\u017enick\u00fdch akc\u00ed, mil\u00fdch setk\u00e1n\u00ed, nespo\u010det fajn rozhovor\u016f, legrace a mnoho dal\u0161\u00edho.\u00a0Nezoufejte ale &#8211; m\u00e1me pro v\u00e1s dal\u0161\u00ed akci.<\/p>\n<p>Zveme v\u00e1s na KreV, neboli Kreativn\u00ed v\u00edkendovku, um\u011blecky zam\u011b\u0159enou akci pro ml\u00e1de\u017e, kter\u00e1 se uskute\u010dn\u00ed\u00a0<strong>9.-11.2. 2024 v\u00a0\u010cesk\u00e9m T\u011b\u0161\u00edn\u011b.\u00a0<\/strong>Tentokr\u00e1t na ni zveme i v\u00fdchodomoravskou ml\u00e1de\u017e a t\u011b\u0161\u00edme se na p\u0159\u00edjemn\u011b spole\u010dn\u011b str\u00e1ven\u00fd \u010das.<\/p>\n<p><strong>A na co se m\u016f\u017eete t\u011b\u0161it?<\/strong><br \/>\nV p\u00e1tek na spole\u010dn\u00fd duchovn\u00ed program, video s n\u00e1slednou diskuz\u00ed, zp\u00edv\u00e1n\u00ed, ale i hran\u00ed deskovek nebo jen voln\u00e9 pov\u00edd\u00e1n\u00ed \ud83d\ude42 V sobotu dopoledne n\u00e1s \u010dekaj\u00ed workshopy (Tane\u010dn\u00ed, Hudebn\u00ed, V\u00fdtvarn\u00fd, Tv\u016fr\u010d\u00ed psan\u00ed, Digit\u00e1ln\u011b-interaktivn\u00ed um\u011bn\u00ed) a odpoledne tzv. Walk&amp;Talk \u010di Va\u0159\u00edc\u00ed workshop. V ned\u011bli pak akci zakon\u010d\u00edme bohoslu\u017ebami.<\/p>\n<p><strong>S sebou si nezapome\u0148:<\/strong><br \/>\n&#8211; spac\u00e1k a karimatku!!<br \/>\n&#8211; p\u0159ez\u016fvky<br \/>\n&#8211; hygienick\u00e9 pot\u0159eby<br \/>\n&#8211; dostatek oble\u010den\u00ed dovnit\u0159 i na ven<br \/>\n&#8211; osobn\u00ed doklady\u00a0+ pen\u00edze na vlak<br \/>\n&#8211; budeme r\u00e1di i za n\u011bjakou buchtu k sn\u00eddani \ud83d\ude42<\/p>\n<p><strong>Cena p\u0159i p\u0159ihl\u00e1\u0161en\u00ed do 31.1. 2024:<\/strong><br \/>\n&#8211; \u010clen SEM: 450,- K\u010d<br \/>\n&#8211; \u00da\u010dastn\u00edk: 550,- K\u010d<br \/>\n<strong>Cena p\u0159i pozd\u011bj\u0161\u00edm p\u0159ihl\u00e1\u0161en\u00ed:<\/strong><br \/>\n&#8211; \u010clen SEM: 700,- K\u010d<br \/>\n&#8211; \u00da\u010dastn\u00edk: 700,- K\u010d<\/p>\n<p><strong>Kontaktn\u00ed osoba:<\/strong><br \/>\n&#8211; Ani\u010dka\u00a0Sabelov\u00e1:\u00a0\u00a0<a href=\"mailto:annisab@seznam.cz\" target=\"_blank\" rel=\"noopener\">annisab@seznam.cz<\/a><br \/>\n&#8211; Tom Domes:\u00a0\u00a0<a href=\"mailto:domestomas@gmail.com\" target=\"_blank\" rel=\"noopener\">domestomas@gmail.com<\/a><\/p>\n<p>Tak nev\u00e1hej a p\u0159ije\u010f. T\u011b\u0161\u00edme se na Tebe!<\/p>\n<h2>Harmonogram<\/h2>\n<h3>P\u00e1tek<\/h3>\n<p>&#8211; v\u0161e ve velk\u00e9m s\u00e1lu<br \/>\n19.00 Ve\u010de\u0159e<br \/>\n19.30 Uv\u00edt\u00e1n\u00ed a oznamy, anotace workshop\u016f<br \/>\n19.45 Seznamovac\u00ed hry, Biblick\u00e1 rychlovka<br \/>\n20.30 Video a diskuze<br \/>\n21.00 Zp\u011bv<br \/>\n23.00 Ve\u010derka<\/p>\n<h3>Sobota<\/h3>\n<p>8.00 a 8.15 Bud\u00ed\u010dek<br \/>\n8.30 Sn\u00eddan\u011b<br \/>\n9.00 Workshopy 1 (psan\u00ed &#8211; ned\u011blkov\u00e1 m\u00edstnost, hudba &#8211; zku\u0161ebna, v\u00fdtvarn\u00fd &#8211; \u0161kolka, tane\u010dn\u00ed &#8211; s\u00e1l, digit\u00e1ln\u00ed &#8211; m\u00edstnost 107)<br \/>\n12.30 Ob\u011bd<\/p>\n<p>Odpoledn\u00ed klid<\/p>\n<p>14.30 Walk and talk, Va\u0159\u00edc\u00ed workshop, Deskovky<br \/>\n17.30 Organiza\u010dn\u00ed v\u011bci<br \/>\n17.45 Zp\u011bv<br \/>\n18.00 Duchovn\u00ed program<br \/>\n19.00 Ve\u010de\u0159e<br \/>\n20.00 P\u0159ehl\u00eddka v\u00fdsledk\u016f pr\u00e1ce<br \/>\n21.00 Film\/Tancov\u00e1n\u00ed\/Deskovky<br \/>\n23.00 Ve\u010derka<\/p>\n<h3>Ned\u011ble<\/h3>\n<p>7.00 Bud\u00ed\u010dek<br \/>\n7.15 Sn\u00eddan\u011b<br \/>\n7.45 &#8211; 8.45 \u00daklid<br \/>\n9.00 Bohoslu\u017eby<br \/>\nOdjezd (vlaky nap\u0159. v 10:19, 10:45, 11:34)<\/p>\n","protected":false},"featured_media":918,"menu_order":0,"template":"","categories":[],"class_list":["post-922","event","type-event","status-publish","has-post-thumbnail","hentry"],"_links":{"self":[{"href":"https:\/\/mladez.evangnet.cz\/moravskoslezska\/wp-json\/wp\/v2\/event\/922","targetHints":{"allow":["GET"]}}],"collection":[{"href":"https:\/\/mladez.evangnet.cz\/moravskoslezska\/wp-json\/wp\/v2\/event"}],"about":[{"href":"https:\/\/mladez.evangnet.cz\/moravskoslezska\/wp-json\/wp\/v2\/types\/event"}],"version-history":[{"count":1,"href":"https:\/\/mladez.evangnet.cz\/moravskoslezska\/wp-json\/wp\/v2\/event\/922\/revisions"}],"predecessor-version":[{"id":1228,"href":"https:\/\/mladez.evangnet.cz\/moravskoslezska\/wp-json\/wp\/v2\/event\/922\/revisions\/1228"}],"wp:featuredmedia":[{"embeddable":true,"href":"https:\/\/mladez.evangnet.cz\/moravskoslezska\/wp-json\/wp\/v2\/media\/918"}],"wp:attachment":[{"href":"https:\/\/mladez.evangnet.cz\/moravskoslezska\/wp-json\/wp\/v2\/media?parent=922"}],"wp:term":[{"taxonomy":"category","embeddable":true,"href":"https:\/\/mladez.evangnet.cz\/moravskoslezska\/wp-json\/wp\/v2\/categories?post=922"}],"curies":[{"name":"wp","href":"https:\/\/api.w.org\/{rel}","templated":true}]}}