{"id":692,"date":"2025-05-23T10:52:32","date_gmt":"2025-05-23T08:52:32","guid":{"rendered":"https:\/\/mladez.evangnet.cz\/moravskoslezska\/?post_type=event&#038;p=692"},"modified":"2025-05-27T09:12:04","modified_gmt":"2025-05-27T07:12:04","slug":"ostravske-listopadani","status":"publish","type":"event","link":"https:\/\/mladez.evangnet.cz\/moravskoslezska\/akce\/ostravske-listopadani\/","title":{"rendered":"Ostravsk\u00e9 Listopad\u00e1n\u00ed"},"content":{"rendered":"<p>Ofici\u00e1ln\u00ed popis akce:<\/p>\n<p>Minifestival nejen k\u0159es\u0165ansk\u00fdch hudebn\u00edk\u016f, se uskute\u010dn\u00ed op\u011bt druh\u00fd v\u00edkend v listopadu. Nov\u00fd t\u00fdm organiz\u00e1tor\u016f letos l\u00e1k\u00e1 na nov\u00e9 kapely, All Imp (impro divadlo), slam poetry a Pastoral Brothers.<br \/>\nBude tak\u00e9 u\u017e tradi\u010dn\u00ed hudebn\u00ed d\u00edlna v sobotu dopoledne a hudebn\u00ed bohoslu\u017eby v ned\u011bli.<\/p>\n<h3>O festivalu<\/h3>\n<p>Hlavn\u00edm organiz\u00e1torem t\u00e9to akce je\u00a0<a href=\"http:\/\/ostrava.evangnet.cz\/\" target=\"_blank\" rel=\"noopener\">sbor \u010cCE v Ostrav\u011b<\/a>. Jedn\u00e1 se o mal\u00fd hudebn\u00ed festival, kde je mo\u017eno se sezn\u00e1mit s r\u016fzn\u00fdmi k\u0159es\u0165ansk\u00fdmi amat\u00e9rsk\u00fdmi kapelami, ale tak\u00e9 poslechnout u\u017e i ty zku\u0161en\u011bj\u0161\u00ed a zn\u00e1m\u011bj\u0161\u00ed.<\/p>\n<p>Ostravsk\u00e9 listopad\u00e1n\u00ed se uskute\u010dnilo poprv\u00e9 pravd\u011bpodobn\u011b na podzim roku 1993, a to s c\u00edlem d\u00e1t hudebn\u00ed prostor (nejen) k\u0159es\u0165ansk\u00fdm hudebn\u00edm skupin\u00e1m a p\u00edsni\u010dk\u00e1\u0159\u016fm. Jako ka\u017ed\u00fd jin\u00fd festival i Listopad\u00e1n\u00ed pro\u0161lo ur\u010dit\u00fdm v\u00fdvojem. C\u00edl se sice nezm\u011bnil, ale sou\u010d\u00e1st\u00ed Listopad\u00e1n\u00ed je dnes tak\u00e9 program pro ml\u00e1de\u017e nebo hudebn\u00ed d\u00edlna jako p\u0159\u00edprava na doprovod p\u0159i ned\u011bln\u00edch bohoslu\u017eb\u00e1ch. Mezi hosty Listopad\u00e1n\u00ed pat\u0159ili nap\u0159. Eva Henychov\u00e1, De Jong, Filadelfie, Tom\u00e1\u0161 Najbrt, Melodive, Adam Bub\u00edk, David Stypka, p\u011bveck\u00e1 sdru\u017een\u00ed Tensing, Simona Martausov\u00e1, Traband, Pavel Helan, Jarda Svoboda Trabandita a mnoho dal\u0161\u00edch.<\/p>\n<p>Leto\u0161n\u00ed ro\u010dn\u00edk 2022 pro V\u00e1s p\u0159ipravuje t\u00fdm ve slo\u017een\u00ed: Jaro a Kl\u00e1ra Korbelovi, Jana Grollov\u00e1 a Ewa Jelinek.<\/p>\n","protected":false},"featured_media":699,"menu_order":0,"template":"","categories":[],"class_list":["post-692","event","type-event","status-publish","has-post-thumbnail","hentry"],"_links":{"self":[{"href":"https:\/\/mladez.evangnet.cz\/moravskoslezska\/wp-json\/wp\/v2\/event\/692","targetHints":{"allow":["GET"]}}],"collection":[{"href":"https:\/\/mladez.evangnet.cz\/moravskoslezska\/wp-json\/wp\/v2\/event"}],"about":[{"href":"https:\/\/mladez.evangnet.cz\/moravskoslezska\/wp-json\/wp\/v2\/types\/event"}],"version-history":[{"count":1,"href":"https:\/\/mladez.evangnet.cz\/moravskoslezska\/wp-json\/wp\/v2\/event\/692\/revisions"}],"predecessor-version":[{"id":1247,"href":"https:\/\/mladez.evangnet.cz\/moravskoslezska\/wp-json\/wp\/v2\/event\/692\/revisions\/1247"}],"wp:featuredmedia":[{"embeddable":true,"href":"https:\/\/mladez.evangnet.cz\/moravskoslezska\/wp-json\/wp\/v2\/media\/699"}],"wp:attachment":[{"href":"https:\/\/mladez.evangnet.cz\/moravskoslezska\/wp-json\/wp\/v2\/media?parent=692"}],"wp:term":[{"taxonomy":"category","embeddable":true,"href":"https:\/\/mladez.evangnet.cz\/moravskoslezska\/wp-json\/wp\/v2\/categories?post=692"}],"curies":[{"name":"wp","href":"https:\/\/api.w.org\/{rel}","templated":true}]}}