{"id":10,"date":"2024-09-23T10:12:48","date_gmt":"2024-09-23T08:12:48","guid":{"rendered":"https:\/\/mladez.evangnet.cz\/kralovehradecka\/?page_id=10"},"modified":"2024-09-23T12:19:17","modified_gmt":"2024-09-23T10:19:17","slug":"fotogalerie","status":"publish","type":"page","link":"https:\/\/mladez.evangnet.cz\/kralovehradecka\/fotogalerie\/","title":{"rendered":"Fotogalerie"},"content":{"rendered":"<link rel='stylesheet' href='\/wp-content\/plugins\/mladezcce-plugin\/gallery\/gallery-view-style.css'>\r\n<script src='\/wp-content\/plugins\/mladezcce-plugin\/gallery\/gallery-view-js.js'><\/script>\r\n<h3 class='cce-filter-header'>P\u0159ej\u00edt na album:<\/h3>\r\n<div class='cce-album-filter'><div class='cce-album-filter-single'><a href='#album-90'>2026<\/a><\/div><div class='cce-album-filter-single'><a href='#album-80'>2025<\/a><\/div><div class='cce-album-filter-single'><a href='#album-56'>2024<\/a><\/div><div class='cce-album-filter-single'><a href='#album-55'>2023<\/a><\/div><div class='cce-album-filter-single'><a href='#album-54'>2022<\/a><\/div><div class='cce-album-filter-single'><a href='#album-51'>2019<\/a><\/div><div class='cce-album-filter-single'><a href='#album-50'>2018<\/a><\/div><div class='cce-album-filter-single'><a href='#album-49'>2017<\/a><\/div><div class='cce-album-filter-single'><a href='#album-48'>2016<\/a><\/div><div class='cce-album-filter-single'><a href='#album-47'>2015<\/a><\/div><div class='cce-album-filter-single'><a href='#album-46'>2014<\/a><\/div><div class='cce-album-filter-single'><a href='#album-45'>2013<\/a><\/div><div class='cce-album-filter-single'><a href='#album-44'>2012<\/a><\/div><div class='cce-album-filter-single'><a href='#album-43'>2011<\/a><\/div><div class='cce-album-filter-single'><a href='#album-42'>2010<\/a><\/div><\/div>\r\n<div class='cce-gallery-view'>\r\n                <div class='cce-single-album'>\r\n\t\t\t\t\t\t\t\r\n                            <h2>2026 <span class='odkaz-top' id='album-90'>#<\/span><\/h2>\r\n                            <hr>\r\n                            <div class='cce-g-grid'>\r\n                <div class='cce-g-single'>\r\n                    <div class='cce-g-image'>\r\n                        <a href=\"https:\/\/www.rajce.idnes.cz\/mladezhk\/album\/vrchlabi-unor-brezen-2026\" target=\"_blank\" rel=\"noopener\"><img src='https:\/\/mladez.evangnet.cz\/kralovehradecka\/wp-content\/uploads\/sites\/7\/2026\/03\/Vrchlabi-2026-1024x678.jpg' alt='Fotogalerie: V\u00edkendovka ve Vrchlab\u00ed' title='Zobrazit galerii: V\u00edkendovka ve Vrchlab\u00ed' width='300' height='200' loading='lazy'><\/a>\r\n                    <\/div>\r\n                    <div class='cce-g-text'>\r\n                        <div class='cce-g-name'>\r\n                            <h3>V\u00edkendovka ve Vrchlab\u00ed<\/h3>\r\n                        <\/div>  \r\n                        <div class='cce-g-subtitle'>\r\n                            <h4>s libereckou ml\u00e1de\u017e\u00ed<\/h4>\r\n                        <\/div>  \r\n                        <div class='cce-g-link-button'>\r\n                            <a href=\"https:\/\/www.rajce.idnes.cz\/mladezhk\/album\/vrchlabi-unor-brezen-2026\" target=\"_blank\" rel=\"noopener\"><button>Otev\u0159\u00edt galerii <i class='fa-solid fa-up-right-from-square'><\/i><\/button><\/a>\r\n                        <\/div>  \r\n                    <\/div>  \r\n                <\/div>\r\n            <\/div>\r\n                        <\/div>\r\n                <div class='cce-single-album'>\r\n\t\t\t\t\t\t\t\r\n                            <h2>2025 <span class='odkaz-top' id='album-80'>#<\/span><\/h2>\r\n                            <hr>\r\n                            <div class='cce-g-grid'>\r\n                <div class='cce-g-single'>\r\n                    <div class='cce-g-image'>\r\n                        <a href=\"https:\/\/www.rajce.idnes.cz\/mladezhk\/album\/policka-31-10-2-11\" target=\"_blank\" rel=\"noopener\"><img src='https:\/\/mladez.evangnet.cz\/kralovehradecka\/wp-content\/uploads\/sites\/7\/2025\/11\/Quattro-1024x678.jpg' alt='Fotogalerie: Quattro seniorates' title='Zobrazit galerii: Quattro seniorates' width='300' height='200' loading='lazy'><\/a>\r\n                    <\/div>\r\n                    <div class='cce-g-text'>\r\n                        <div class='cce-g-name'>\r\n                            <h3>Quattro seniorates<\/h3>\r\n                        <\/div>  \r\n                        <div class='cce-g-subtitle'>\r\n                            \r\n                        <\/div>  \r\n                        <div class='cce-g-link-button'>\r\n                            <a href=\"https:\/\/www.rajce.idnes.cz\/mladezhk\/album\/policka-31-10-2-11\" target=\"_blank\" rel=\"noopener\"><button>Otev\u0159\u00edt galerii <i class='fa-solid fa-up-right-from-square'><\/i><\/button><\/a>\r\n                        <\/div>  \r\n                    <\/div>  \r\n                <\/div>\r\n            \r\n                \r\n                <div class='cce-g-single'>\r\n                    <div class='cce-g-image'>\r\n                        <a href=\"https:\/\/www.rajce.idnes.cz\/mladezhk\/album\/semonice-rijen-2025\" target=\"_blank\" rel=\"noopener\"><img src='https:\/\/mladez.evangnet.cz\/kralovehradecka\/wp-content\/uploads\/sites\/7\/2025\/11\/Jednovecerka-Semonice-1024x771.jpg' alt='Fotogalerie: Jednove\u010derka v Semonic\u00edch' title='Zobrazit galerii: Jednove\u010derka v Semonic\u00edch' width='300' height='200' loading='lazy'><\/a>\r\n                    <\/div>\r\n                    <div class='cce-g-text'>\r\n                        <div class='cce-g-name'>\r\n                            <h3>Jednove\u010derka v Semonic\u00edch<\/h3>\r\n                        <\/div>  \r\n                        <div class='cce-g-subtitle'>\r\n                            \r\n                        <\/div>  \r\n                        <div class='cce-g-link-button'>\r\n                            <a href=\"https:\/\/www.rajce.idnes.cz\/mladezhk\/album\/semonice-rijen-2025\" target=\"_blank\" rel=\"noopener\"><button>Otev\u0159\u00edt galerii <i class='fa-solid fa-up-right-from-square'><\/i><\/button><\/a>\r\n                        <\/div>  \r\n                    <\/div>  \r\n                <\/div>\r\n            \r\n                \r\n                <div class='cce-g-single'>\r\n                    <div class='cce-g-image'>\r\n                        <a href=\"https:\/\/www.rajce.idnes.cz\/mladezhk\/album\/jednovecerka-v-hradci-kralove-kvetem-2025\" target=\"_blank\" rel=\"noopener\"><img src='https:\/\/mladez.evangnet.cz\/kralovehradecka\/wp-content\/uploads\/sites\/7\/2025\/06\/Hradec-Kralove-jednovecerka-2025-1024x771.jpg' alt='Fotogalerie: Jednove\u010derka v Hradci Kr\u00e1lov\u00e9' title='Zobrazit galerii: Jednove\u010derka v Hradci Kr\u00e1lov\u00e9' width='300' height='200' loading='lazy'><\/a>\r\n                    <\/div>\r\n                    <div class='cce-g-text'>\r\n                        <div class='cce-g-name'>\r\n                            <h3>Jednove\u010derka v Hradci Kr\u00e1lov\u00e9<\/h3>\r\n                        <\/div>  \r\n                        <div class='cce-g-subtitle'>\r\n                            \r\n                        <\/div>  \r\n                        <div class='cce-g-link-button'>\r\n                            <a href=\"https:\/\/www.rajce.idnes.cz\/mladezhk\/album\/jednovecerka-v-hradci-kralove-kvetem-2025\" target=\"_blank\" rel=\"noopener\"><button>Otev\u0159\u00edt galerii <i class='fa-solid fa-up-right-from-square'><\/i><\/button><\/a>\r\n                        <\/div>  \r\n                    <\/div>  \r\n                <\/div>\r\n            \r\n                \r\n                <div class='cce-g-single'>\r\n                    <div class='cce-g-image'>\r\n                        <a href=\"https:\/\/www.rajce.idnes.cz\/mladezhk\/album\/letohrad-duben-2025\" target=\"_blank\" rel=\"noopener\"><img src='https:\/\/mladez.evangnet.cz\/kralovehradecka\/wp-content\/uploads\/sites\/7\/2025\/04\/Snimek-obrazovky-2025-04-21-095544.png' alt='Fotogalerie: V\u00edkendovka v Letohrad\u011b' title='Zobrazit galerii: V\u00edkendovka v Letohrad\u011b' width='300' height='200' loading='lazy'><\/a>\r\n                    <\/div>\r\n                    <div class='cce-g-text'>\r\n                        <div class='cce-g-name'>\r\n                            <h3>V\u00edkendovka v Letohrad\u011b<\/h3>\r\n                        <\/div>  \r\n                        <div class='cce-g-subtitle'>\r\n                            \r\n                        <\/div>  \r\n                        <div class='cce-g-link-button'>\r\n                            <a href=\"https:\/\/www.rajce.idnes.cz\/mladezhk\/album\/letohrad-duben-2025\" target=\"_blank\" rel=\"noopener\"><button>Otev\u0159\u00edt galerii <i class='fa-solid fa-up-right-from-square'><\/i><\/button><\/a>\r\n                        <\/div>  \r\n                    <\/div>  \r\n                <\/div>\r\n            \r\n                \r\n                <div class='cce-g-single'>\r\n                    <div class='cce-g-image'>\r\n                        <a href=\"https:\/\/www.rajce.idnes.cz\/mladezhk\/album\/tis-unor-2025\" target=\"_blank\" rel=\"noopener\"><img src='https:\/\/mladez.evangnet.cz\/kralovehradecka\/wp-content\/uploads\/sites\/7\/2025\/02\/DSC_0331-1-1024x678.jpg' alt='Fotogalerie: Tis' title='Zobrazit galerii: Tis' width='300' height='200' loading='lazy'><\/a>\r\n                    <\/div>\r\n                    <div class='cce-g-text'>\r\n                        <div class='cce-g-name'>\r\n                            <h3>Tis<\/h3>\r\n                        <\/div>  \r\n                        <div class='cce-g-subtitle'>\r\n                            <h4>\u00fanor 2025<\/h4>\r\n                        <\/div>  \r\n                        <div class='cce-g-link-button'>\r\n                            <a href=\"https:\/\/www.rajce.idnes.cz\/mladezhk\/album\/tis-unor-2025\" target=\"_blank\" rel=\"noopener\"><button>Otev\u0159\u00edt galerii <i class='fa-solid fa-up-right-from-square'><\/i><\/button><\/a>\r\n                        <\/div>  \r\n                    <\/div>  \r\n                <\/div>\r\n            <\/div>\r\n                        <\/div>\r\n                <div class='cce-single-album'>\r\n\t\t\t\t\t\t\t\r\n                            <h2>2024 <span class='odkaz-top' id='album-56'>#<\/span><\/h2>\r\n                            <hr>\r\n                            <div class='cce-g-grid'>\r\n                <div class='cce-g-single'>\r\n                    <div class='cce-g-image'>\r\n                        <a href=\"https:\/\/www.rajce.idnes.cz\/mladezhk\/album\/cernilov-listopad-2024\" target=\"_blank\" rel=\"noopener\"><img src='https:\/\/mladez.evangnet.cz\/kralovehradecka\/wp-content\/uploads\/sites\/7\/2024\/11\/DSC_0320-1024x682.jpg' alt='Fotogalerie: \u010cernilov' title='Zobrazit galerii: \u010cernilov' width='300' height='200' loading='lazy'><\/a>\r\n                    <\/div>\r\n                    <div class='cce-g-text'>\r\n                        <div class='cce-g-name'>\r\n                            <h3>\u010cernilov<\/h3>\r\n                        <\/div>  \r\n                        <div class='cce-g-subtitle'>\r\n                            <h4>listopad 2024<\/h4>\r\n                        <\/div>  \r\n                        <div class='cce-g-link-button'>\r\n                            <a href=\"https:\/\/www.rajce.idnes.cz\/mladezhk\/album\/cernilov-listopad-2024\" target=\"_blank\" rel=\"noopener\"><button>Otev\u0159\u00edt galerii <i class='fa-solid fa-up-right-from-square'><\/i><\/button><\/a>\r\n                        <\/div>  \r\n                    <\/div>  \r\n                <\/div>\r\n            \r\n                \r\n                <div class='cce-g-single'>\r\n                    <div class='cce-g-image'>\r\n                        <a href=\"https:\/\/www.rajce.idnes.cz\/mladezhk\/album\/dvur-kralove-nad-labem-zari-2024\" target=\"_blank\" rel=\"noopener\"><img src='https:\/\/mladez.evangnet.cz\/kralovehradecka\/wp-content\/uploads\/sites\/7\/2024\/11\/IMG-20240921-WA0000-1-1024x683.jpg' alt='Fotogalerie: Dv\u016fr Kr\u00e1lov\u00e9 nad Labem' title='Zobrazit galerii: Dv\u016fr Kr\u00e1lov\u00e9 nad Labem' width='300' height='200' loading='lazy'><\/a>\r\n                    <\/div>\r\n                    <div class='cce-g-text'>\r\n                        <div class='cce-g-name'>\r\n                            <h3>Dv\u016fr Kr\u00e1lov\u00e9 nad Labem<\/h3>\r\n                        <\/div>  \r\n                        <div class='cce-g-subtitle'>\r\n                            <h4>z\u00e1\u0159\u00ed 2024<\/h4>\r\n                        <\/div>  \r\n                        <div class='cce-g-link-button'>\r\n                            <a href=\"https:\/\/www.rajce.idnes.cz\/mladezhk\/album\/dvur-kralove-nad-labem-zari-2024\" target=\"_blank\" rel=\"noopener\"><button>Otev\u0159\u00edt galerii <i class='fa-solid fa-up-right-from-square'><\/i><\/button><\/a>\r\n                        <\/div>  \r\n                    <\/div>  \r\n                <\/div>\r\n            \r\n                \r\n                <div class='cce-g-single'>\r\n                    <div class='cce-g-image'>\r\n                        <a href=\"https:\/\/www.rajce.idnes.cz\/mladezhk\/album\/trebechovice-pod-orebem-brezen-2024\" target=\"_blank\" rel=\"noopener\"><img src='https:\/\/mladez.evangnet.cz\/kralovehradecka\/wp-content\/uploads\/sites\/7\/2024\/09\/top-24.webp' alt='Fotogalerie: T\u0159ebechovice pod Orebem' title='Zobrazit galerii: T\u0159ebechovice pod Orebem' width='300' height='200' loading='lazy'><\/a>\r\n                    <\/div>\r\n                    <div class='cce-g-text'>\r\n                        <div class='cce-g-name'>\r\n                            <h3>T\u0159ebechovice pod Orebem<\/h3>\r\n                        <\/div>  \r\n                        <div class='cce-g-subtitle'>\r\n                            <h4>b\u0159ezen 2024<\/h4>\r\n                        <\/div>  \r\n                        <div class='cce-g-link-button'>\r\n                            <a href=\"https:\/\/www.rajce.idnes.cz\/mladezhk\/album\/trebechovice-pod-orebem-brezen-2024\" target=\"_blank\" rel=\"noopener\"><button>Otev\u0159\u00edt galerii <i class='fa-solid fa-up-right-from-square'><\/i><\/button><\/a>\r\n                        <\/div>  \r\n                    <\/div>  \r\n                <\/div>\r\n            \r\n                \r\n                <div class='cce-g-single'>\r\n                    <div class='cce-g-image'>\r\n                        <a href=\"https:\/\/www.rajce.idnes.cz\/mladezhk\/album\/klaster-nad-dedinou-leden-2024\" target=\"_blank\" rel=\"noopener\"><img src='https:\/\/mladez.evangnet.cz\/kralovehradecka\/wp-content\/uploads\/sites\/7\/2024\/09\/knd-24.webp' alt='Fotogalerie: Kl\u00e1\u0161ter nad D\u011bdinou' title='Zobrazit galerii: Kl\u00e1\u0161ter nad D\u011bdinou' width='300' height='200' loading='lazy'><\/a>\r\n                    <\/div>\r\n                    <div class='cce-g-text'>\r\n                        <div class='cce-g-name'>\r\n                            <h3>Kl\u00e1\u0161ter nad D\u011bdinou<\/h3>\r\n                        <\/div>  \r\n                        <div class='cce-g-subtitle'>\r\n                            <h4>leden 2024<\/h4>\r\n                        <\/div>  \r\n                        <div class='cce-g-link-button'>\r\n                            <a href=\"https:\/\/www.rajce.idnes.cz\/mladezhk\/album\/klaster-nad-dedinou-leden-2024\" target=\"_blank\" rel=\"noopener\"><button>Otev\u0159\u00edt galerii <i class='fa-solid fa-up-right-from-square'><\/i><\/button><\/a>\r\n                        <\/div>  \r\n                    <\/div>  \r\n                <\/div>\r\n            <\/div>\r\n                        <\/div>\r\n                <div class='cce-single-album'>\r\n\t\t\t\t\t\t\t\r\n                            <h2>2023 <span class='odkaz-top' id='album-55'>#<\/span><\/h2>\r\n                            <hr>\r\n                            <div class='cce-g-grid'>\r\n                <div class='cce-g-single'>\r\n                    <div class='cce-g-image'>\r\n                        <a href=\"https:\/\/www.rajce.idnes.cz\/mladezhk\/album\/vrchlabi-2023\" target=\"_blank\" rel=\"noopener\"><img src='https:\/\/mladez.evangnet.cz\/kralovehradecka\/wp-content\/uploads\/sites\/7\/2024\/09\/v-23.webp' alt='Fotogalerie: Vrchlab\u00ed' title='Zobrazit galerii: Vrchlab\u00ed' width='300' height='200' loading='lazy'><\/a>\r\n                    <\/div>\r\n                    <div class='cce-g-text'>\r\n                        <div class='cce-g-name'>\r\n                            <h3>Vrchlab\u00ed<\/h3>\r\n                        <\/div>  \r\n                        <div class='cce-g-subtitle'>\r\n                            <h4>listopad 2023<\/h4>\r\n                        <\/div>  \r\n                        <div class='cce-g-link-button'>\r\n                            <a href=\"https:\/\/www.rajce.idnes.cz\/mladezhk\/album\/vrchlabi-2023\" target=\"_blank\" rel=\"noopener\"><button>Otev\u0159\u00edt galerii <i class='fa-solid fa-up-right-from-square'><\/i><\/button><\/a>\r\n                        <\/div>  \r\n                    <\/div>  \r\n                <\/div>\r\n            \r\n                \r\n                <div class='cce-g-single'>\r\n                    <div class='cce-g-image'>\r\n                        <a href=\"https:\/\/www.rajce.idnes.cz\/mladezhk\/album\/nachod-kveten-2023\" target=\"_blank\" rel=\"noopener\"><img src='https:\/\/mladez.evangnet.cz\/kralovehradecka\/wp-content\/uploads\/sites\/7\/2024\/09\/n-23.webp' alt='Fotogalerie: N\u00e1chod' title='Zobrazit galerii: N\u00e1chod' width='300' height='200' loading='lazy'><\/a>\r\n                    <\/div>\r\n                    <div class='cce-g-text'>\r\n                        <div class='cce-g-name'>\r\n                            <h3>N\u00e1chod<\/h3>\r\n                        <\/div>  \r\n                        <div class='cce-g-subtitle'>\r\n                            <h4>kv\u011bten 2023<\/h4>\r\n                        <\/div>  \r\n                        <div class='cce-g-link-button'>\r\n                            <a href=\"https:\/\/www.rajce.idnes.cz\/mladezhk\/album\/nachod-kveten-2023\" target=\"_blank\" rel=\"noopener\"><button>Otev\u0159\u00edt galerii <i class='fa-solid fa-up-right-from-square'><\/i><\/button><\/a>\r\n                        <\/div>  \r\n                    <\/div>  \r\n                <\/div>\r\n            \r\n                \r\n                <div class='cce-g-single'>\r\n                    <div class='cce-g-image'>\r\n                        <a href=\"https:\/\/www.rajce.idnes.cz\/mladezhk\/album\/lozice-brezen-2023\" target=\"_blank\" rel=\"noopener\"><img src='https:\/\/mladez.evangnet.cz\/kralovehradecka\/wp-content\/uploads\/sites\/7\/2024\/09\/l-23.webp' alt='Fotogalerie: Lozice' title='Zobrazit galerii: Lozice' width='300' height='200' loading='lazy'><\/a>\r\n                    <\/div>\r\n                    <div class='cce-g-text'>\r\n                        <div class='cce-g-name'>\r\n                            <h3>Lozice<\/h3>\r\n                        <\/div>  \r\n                        <div class='cce-g-subtitle'>\r\n                            <h4>b\u0159ezen 2023<\/h4>\r\n                        <\/div>  \r\n                        <div class='cce-g-link-button'>\r\n                            <a href=\"https:\/\/www.rajce.idnes.cz\/mladezhk\/album\/lozice-brezen-2023\" target=\"_blank\" rel=\"noopener\"><button>Otev\u0159\u00edt galerii <i class='fa-solid fa-up-right-from-square'><\/i><\/button><\/a>\r\n                        <\/div>  \r\n                    <\/div>  \r\n                <\/div>\r\n            <\/div>\r\n                        <\/div>\r\n                <div class='cce-single-album'>\r\n\t\t\t\t\t\t\t\r\n                            <h2>2022 <span class='odkaz-top' id='album-54'>#<\/span><\/h2>\r\n                            <hr>\r\n                            <div class='cce-g-grid'>\r\n                <div class='cce-g-single'>\r\n                    <div class='cce-g-image'>\r\n                        <a href=\"https:\/\/www.rajce.idnes.cz\/mladezhk\/album\/dvur-kralove-n-labem-listopad-2022\" target=\"_blank\" rel=\"noopener\"><img src='https:\/\/mladez.evangnet.cz\/kralovehradecka\/wp-content\/uploads\/sites\/7\/2024\/09\/dknl-22.webp' alt='Fotogalerie: Dv\u016fr Kr\u00e1lov\u00e9 n. Labem' title='Zobrazit galerii: Dv\u016fr Kr\u00e1lov\u00e9 n. Labem' width='300' height='200' loading='lazy'><\/a>\r\n                    <\/div>\r\n                    <div class='cce-g-text'>\r\n                        <div class='cce-g-name'>\r\n                            <h3>Dv\u016fr Kr\u00e1lov\u00e9 n. Labem<\/h3>\r\n                        <\/div>  \r\n                        <div class='cce-g-subtitle'>\r\n                            <h4>listopad 2022<\/h4>\r\n                        <\/div>  \r\n                        <div class='cce-g-link-button'>\r\n                            <a href=\"https:\/\/www.rajce.idnes.cz\/mladezhk\/album\/dvur-kralove-n-labem-listopad-2022\" target=\"_blank\" rel=\"noopener\"><button>Otev\u0159\u00edt galerii <i class='fa-solid fa-up-right-from-square'><\/i><\/button><\/a>\r\n                        <\/div>  \r\n                    <\/div>  \r\n                <\/div>\r\n            \r\n                \r\n                <div class='cce-g-single'>\r\n                    <div class='cce-g-image'>\r\n                        <a href=\"https:\/\/www.rajce.idnes.cz\/mladezhk\/album\/tabor-j-a-komenskeho-belec-nad-orlici-rijen-2022\" target=\"_blank\" rel=\"noopener\"><img src='https:\/\/mladez.evangnet.cz\/kralovehradecka\/wp-content\/uploads\/sites\/7\/2024\/09\/b-22.webp' alt='Fotogalerie: Brig\u00e1da T\u00e1bor J.A.Komensk\u00e9ho' title='Zobrazit galerii: Brig\u00e1da T\u00e1bor J.A.Komensk\u00e9ho' width='300' height='200' loading='lazy'><\/a>\r\n                    <\/div>\r\n                    <div class='cce-g-text'>\r\n                        <div class='cce-g-name'>\r\n                            <h3>Brig\u00e1da T\u00e1bor J.A.Komensk\u00e9ho<\/h3>\r\n                        <\/div>  \r\n                        <div class='cce-g-subtitle'>\r\n                            <h4>B\u011ble\u010d nad Orlic\u00ed \u0159\u00edjen 2022<\/h4>\r\n                        <\/div>  \r\n                        <div class='cce-g-link-button'>\r\n                            <a href=\"https:\/\/www.rajce.idnes.cz\/mladezhk\/album\/tabor-j-a-komenskeho-belec-nad-orlici-rijen-2022\" target=\"_blank\" rel=\"noopener\"><button>Otev\u0159\u00edt galerii <i class='fa-solid fa-up-right-from-square'><\/i><\/button><\/a>\r\n                        <\/div>  \r\n                    <\/div>  \r\n                <\/div>\r\n            \r\n                \r\n                <div class='cce-g-single'>\r\n                    <div class='cce-g-image'>\r\n                        <a href=\"https:\/\/www.rajce.idnes.cz\/mladezhk\/album\/klaster-nad-dedinou-kveten-2022\" target=\"_blank\" rel=\"noopener\"><img src='https:\/\/mladez.evangnet.cz\/kralovehradecka\/wp-content\/uploads\/sites\/7\/2024\/09\/knd-22.webp' alt='Fotogalerie: Kl\u00e1\u0161ter nad D\u011bdinou' title='Zobrazit galerii: Kl\u00e1\u0161ter nad D\u011bdinou' width='300' height='200' loading='lazy'><\/a>\r\n                    <\/div>\r\n                    <div class='cce-g-text'>\r\n                        <div class='cce-g-name'>\r\n                            <h3>Kl\u00e1\u0161ter nad D\u011bdinou<\/h3>\r\n                        <\/div>  \r\n                        <div class='cce-g-subtitle'>\r\n                            <h4>kv\u011bten 2022<\/h4>\r\n                        <\/div>  \r\n                        <div class='cce-g-link-button'>\r\n                            <a href=\"https:\/\/www.rajce.idnes.cz\/mladezhk\/album\/klaster-nad-dedinou-kveten-2022\" target=\"_blank\" rel=\"noopener\"><button>Otev\u0159\u00edt galerii <i class='fa-solid fa-up-right-from-square'><\/i><\/button><\/a>\r\n                        <\/div>  \r\n                    <\/div>  \r\n                <\/div>\r\n            \r\n                \r\n                <div class='cce-g-single'>\r\n                    <div class='cce-g-image'>\r\n                        <a href=\"https:\/\/www.rajce.idnes.cz\/mladezhk\/album\/tis-brezen-2022\" target=\"_blank\" rel=\"noopener\"><img src='https:\/\/mladez.evangnet.cz\/kralovehradecka\/wp-content\/uploads\/sites\/7\/2024\/09\/tis-22.webp' alt='Fotogalerie: Tis' title='Zobrazit galerii: Tis' width='300' height='200' loading='lazy'><\/a>\r\n                    <\/div>\r\n                    <div class='cce-g-text'>\r\n                        <div class='cce-g-name'>\r\n                            <h3>Tis<\/h3>\r\n                        <\/div>  \r\n                        <div class='cce-g-subtitle'>\r\n                            <h4>b\u0159ezen 2022<\/h4>\r\n                        <\/div>  \r\n                        <div class='cce-g-link-button'>\r\n                            <a href=\"https:\/\/www.rajce.idnes.cz\/mladezhk\/album\/tis-brezen-2022\" target=\"_blank\" rel=\"noopener\"><button>Otev\u0159\u00edt galerii <i class='fa-solid fa-up-right-from-square'><\/i><\/button><\/a>\r\n                        <\/div>  \r\n                    <\/div>  \r\n                <\/div>\r\n            <\/div>\r\n                        <\/div>\r\n                <div class='cce-single-album'>\r\n\t\t\t\t\t\t\t\r\n                            <h2>2019 <span class='odkaz-top' id='album-51'>#<\/span><\/h2>\r\n                            <hr>\r\n                            <div class='cce-g-grid'>\r\n                <div class='cce-g-single'>\r\n                    <div class='cce-g-image'>\r\n                        <a href=\"https:\/\/mladezhk.rajce.idnes.cz\/SEDM_2019_Jicin\" target=\"_blank\" rel=\"noopener\"><img src='https:\/\/mladez.evangnet.cz\/kralovehradecka\/wp-content\/uploads\/sites\/7\/2024\/09\/sedm-19.webp' alt='Fotogalerie: SEDM v Ji\u010d\u00edn\u011b' title='Zobrazit galerii: SEDM v Ji\u010d\u00edn\u011b' width='300' height='200' loading='lazy'><\/a>\r\n                    <\/div>\r\n                    <div class='cce-g-text'>\r\n                        <div class='cce-g-name'>\r\n                            <h3>SEDM v Ji\u010d\u00edn\u011b<\/h3>\r\n                        <\/div>  \r\n                        <div class='cce-g-subtitle'>\r\n                            <h4>15. \u2013 17.3. 2019<\/h4>\r\n                        <\/div>  \r\n                        <div class='cce-g-link-button'>\r\n                            <a href=\"https:\/\/mladezhk.rajce.idnes.cz\/SEDM_2019_Jicin\" target=\"_blank\" rel=\"noopener\"><button>Otev\u0159\u00edt galerii <i class='fa-solid fa-up-right-from-square'><\/i><\/button><\/a>\r\n                        <\/div>  \r\n                    <\/div>  \r\n                <\/div>\r\n            <\/div>\r\n                        <\/div>\r\n                <div class='cce-single-album'>\r\n\t\t\t\t\t\t\t\r\n                            <h2>2018 <span class='odkaz-top' id='album-50'>#<\/span><\/h2>\r\n                            <hr>\r\n                            <div class='cce-g-grid'>\r\n                <div class='cce-g-single'>\r\n                    <div class='cce-g-image'>\r\n                        <a href=\"https:\/\/mladezhk.rajce.idnes.cz\/SCUK_2018_Trutnov\/\" target=\"_blank\" rel=\"noopener\"><img src='https:\/\/mladez.evangnet.cz\/kralovehradecka\/wp-content\/uploads\/sites\/7\/2024\/09\/scuk-18.webp' alt='Fotogalerie: SCUK v Trutnov\u011b' title='Zobrazit galerii: SCUK v Trutnov\u011b' width='300' height='200' loading='lazy'><\/a>\r\n                    <\/div>\r\n                    <div class='cce-g-text'>\r\n                        <div class='cce-g-name'>\r\n                            <h3>SCUK v Trutnov\u011b<\/h3>\r\n                        <\/div>  \r\n                        <div class='cce-g-subtitle'>\r\n                            <h4>19. \u2013 21.10. 2018<\/h4>\r\n                        <\/div>  \r\n                        <div class='cce-g-link-button'>\r\n                            <a href=\"https:\/\/mladezhk.rajce.idnes.cz\/SCUK_2018_Trutnov\/\" target=\"_blank\" rel=\"noopener\"><button>Otev\u0159\u00edt galerii <i class='fa-solid fa-up-right-from-square'><\/i><\/button><\/a>\r\n                        <\/div>  \r\n                    <\/div>  \r\n                <\/div>\r\n            \r\n                \r\n                <div class='cce-g-single'>\r\n                    <div class='cce-g-image'>\r\n                        <a href=\"https:\/\/mladezhk.rajce.idnes.cz\/Konfici_2018\/\" target=\"_blank\" rel=\"noopener\"><img src='https:\/\/mladez.evangnet.cz\/kralovehradecka\/wp-content\/uploads\/sites\/7\/2024\/09\/k-18.webp' alt='Fotogalerie: Konf\u00edci v Tisu' title='Zobrazit galerii: Konf\u00edci v Tisu' width='300' height='200' loading='lazy'><\/a>\r\n                    <\/div>\r\n                    <div class='cce-g-text'>\r\n                        <div class='cce-g-name'>\r\n                            <h3>Konf\u00edci v Tisu<\/h3>\r\n                        <\/div>  \r\n                        <div class='cce-g-subtitle'>\r\n                            <h4>23. \u2013 25.3. 2018<\/h4>\r\n                        <\/div>  \r\n                        <div class='cce-g-link-button'>\r\n                            <a href=\"https:\/\/mladezhk.rajce.idnes.cz\/Konfici_2018\/\" target=\"_blank\" rel=\"noopener\"><button>Otev\u0159\u00edt galerii <i class='fa-solid fa-up-right-from-square'><\/i><\/button><\/a>\r\n                        <\/div>  \r\n                    <\/div>  \r\n                <\/div>\r\n            <\/div>\r\n                        <\/div>\r\n                <div class='cce-single-album'>\r\n\t\t\t\t\t\t\t\r\n                            <h2>2017 <span class='odkaz-top' id='album-49'>#<\/span><\/h2>\r\n                            <hr>\r\n                            <div class='cce-g-grid'>\r\n                <div class='cce-g-single'>\r\n                    <div class='cce-g-image'>\r\n                        <a href=\"http:\/\/mladezhk.rajce.idnes.cz\/SCUK_-_2017_Letohrad\/\" target=\"_blank\" rel=\"noopener\"><img src='https:\/\/mladez.evangnet.cz\/kralovehradecka\/wp-content\/uploads\/sites\/7\/2024\/09\/scuk-17.webp' alt='Fotogalerie: SCUK v Letohrad\u011b' title='Zobrazit galerii: SCUK v Letohrad\u011b' width='300' height='200' loading='lazy'><\/a>\r\n                    <\/div>\r\n                    <div class='cce-g-text'>\r\n                        <div class='cce-g-name'>\r\n                            <h3>SCUK v Letohrad\u011b<\/h3>\r\n                        <\/div>  \r\n                        <div class='cce-g-subtitle'>\r\n                            <h4>20. \u2013 22. 10. 2017<\/h4>\r\n                        <\/div>  \r\n                        <div class='cce-g-link-button'>\r\n                            <a href=\"http:\/\/mladezhk.rajce.idnes.cz\/SCUK_-_2017_Letohrad\/\" target=\"_blank\" rel=\"noopener\"><button>Otev\u0159\u00edt galerii <i class='fa-solid fa-up-right-from-square'><\/i><\/button><\/a>\r\n                        <\/div>  \r\n                    <\/div>  \r\n                <\/div>\r\n            \r\n                \r\n                <div class='cce-g-single'>\r\n                    <div class='cce-g-image'>\r\n                        <a href=\"http:\/\/jansja.rajce.idnes.cz\/Vylet_Nechanice_16.9._2017\/\" target=\"_blank\" rel=\"noopener\"><img src='https:\/\/mladez.evangnet.cz\/kralovehradecka\/wp-content\/uploads\/sites\/7\/2024\/09\/vn-17.webp' alt='Fotogalerie: V\u00fdlet do Hr\u00e1dku u Nechanic' title='Zobrazit galerii: V\u00fdlet do Hr\u00e1dku u Nechanic' width='300' height='200' loading='lazy'><\/a>\r\n                    <\/div>\r\n                    <div class='cce-g-text'>\r\n                        <div class='cce-g-name'>\r\n                            <h3>V\u00fdlet do Hr\u00e1dku u Nechanic<\/h3>\r\n                        <\/div>  \r\n                        <div class='cce-g-subtitle'>\r\n                            <h4>16. 9. 2017<\/h4>\r\n                        <\/div>  \r\n                        <div class='cce-g-link-button'>\r\n                            <a href=\"http:\/\/jansja.rajce.idnes.cz\/Vylet_Nechanice_16.9._2017\/\" target=\"_blank\" rel=\"noopener\"><button>Otev\u0159\u00edt galerii <i class='fa-solid fa-up-right-from-square'><\/i><\/button><\/a>\r\n                        <\/div>  \r\n                    <\/div>  \r\n                <\/div>\r\n            \r\n                \r\n                <div class='cce-g-single'>\r\n                    <div class='cce-g-image'>\r\n                        <a href=\"http:\/\/jansja.rajce.idnes.cz\/BrigBel_12._-_14._5._2017\/\" target=\"_blank\" rel=\"noopener\"><img src='https:\/\/mladez.evangnet.cz\/kralovehradecka\/wp-content\/uploads\/sites\/7\/2024\/09\/bb-17.webp' alt='Fotogalerie: Brig\u00e1da v B\u011bl\u010di' title='Zobrazit galerii: Brig\u00e1da v B\u011bl\u010di' width='300' height='200' loading='lazy'><\/a>\r\n                    <\/div>\r\n                    <div class='cce-g-text'>\r\n                        <div class='cce-g-name'>\r\n                            <h3>Brig\u00e1da v B\u011bl\u010di<\/h3>\r\n                        <\/div>  \r\n                        <div class='cce-g-subtitle'>\r\n                            <h4>12. \u2013 14. 5. 2017<\/h4>\r\n                        <\/div>  \r\n                        <div class='cce-g-link-button'>\r\n                            <a href=\"http:\/\/jansja.rajce.idnes.cz\/BrigBel_12._-_14._5._2017\/\" target=\"_blank\" rel=\"noopener\"><button>Otev\u0159\u00edt galerii <i class='fa-solid fa-up-right-from-square'><\/i><\/button><\/a>\r\n                        <\/div>  \r\n                    <\/div>  \r\n                <\/div>\r\n            \r\n                \r\n                <div class='cce-g-single'>\r\n                    <div class='cce-g-image'>\r\n                        <a href=\"http:\/\/hankajanska.rajce.idnes.cz\/Konfici_2017\/\" target=\"_blank\" rel=\"noopener\"><img src='https:\/\/mladez.evangnet.cz\/kralovehradecka\/wp-content\/uploads\/sites\/7\/2024\/09\/k-17.webp' alt='Fotogalerie: Konf\u00edci v Tisu' title='Zobrazit galerii: Konf\u00edci v Tisu' width='300' height='200' loading='lazy'><\/a>\r\n                    <\/div>\r\n                    <div class='cce-g-text'>\r\n                        <div class='cce-g-name'>\r\n                            <h3>Konf\u00edci v Tisu<\/h3>\r\n                        <\/div>  \r\n                        <div class='cce-g-subtitle'>\r\n                            <h4>10. \u2013 12. 3. 2017<\/h4>\r\n                        <\/div>  \r\n                        <div class='cce-g-link-button'>\r\n                            <a href=\"http:\/\/hankajanska.rajce.idnes.cz\/Konfici_2017\/\" target=\"_blank\" rel=\"noopener\"><button>Otev\u0159\u00edt galerii <i class='fa-solid fa-up-right-from-square'><\/i><\/button><\/a>\r\n                        <\/div>  \r\n                    <\/div>  \r\n                <\/div>\r\n            <\/div>\r\n                        <\/div>\r\n                <div class='cce-single-album'>\r\n\t\t\t\t\t\t\t\r\n                            <h2>2016 <span class='odkaz-top' id='album-48'>#<\/span><\/h2>\r\n                            <hr>\r\n                            <div class='cce-g-grid'>\r\n                <div class='cce-g-single'>\r\n                    <div class='cce-g-image'>\r\n                        <a href=\"http:\/\/jansja.rajce.idnes.cz\/SCUK_Semonice_4._-_6.11._2016\/\" target=\"_blank\" rel=\"noopener\"><img src='https:\/\/mladez.evangnet.cz\/kralovehradecka\/wp-content\/uploads\/sites\/7\/2024\/09\/scuk-16.webp' alt='Fotogalerie: SCUK v Semonic\u00edch' title='Zobrazit galerii: SCUK v Semonic\u00edch' width='300' height='200' loading='lazy'><\/a>\r\n                    <\/div>\r\n                    <div class='cce-g-text'>\r\n                        <div class='cce-g-name'>\r\n                            <h3>SCUK v Semonic\u00edch<\/h3>\r\n                        <\/div>  \r\n                        <div class='cce-g-subtitle'>\r\n                            <h4>4. \u2013 6. 11. 2016<\/h4>\r\n                        <\/div>  \r\n                        <div class='cce-g-link-button'>\r\n                            <a href=\"http:\/\/jansja.rajce.idnes.cz\/SCUK_Semonice_4._-_6.11._2016\/\" target=\"_blank\" rel=\"noopener\"><button>Otev\u0159\u00edt galerii <i class='fa-solid fa-up-right-from-square'><\/i><\/button><\/a>\r\n                        <\/div>  \r\n                    <\/div>  \r\n                <\/div>\r\n            \r\n                \r\n                <div class='cce-g-single'>\r\n                    <div class='cce-g-image'>\r\n                        <a href=\"http:\/\/jansja.rajce.idnes.cz\/Vylet_Adrspach_4._6._2016\/\" target=\"_blank\" rel=\"noopener\"><img src='https:\/\/mladez.evangnet.cz\/kralovehradecka\/wp-content\/uploads\/sites\/7\/2024\/09\/a-16.webp' alt='Fotogalerie: V\u00fdlet do Adr\u0161pachu 2016' title='Zobrazit galerii: V\u00fdlet do Adr\u0161pachu 2016' width='300' height='200' loading='lazy'><\/a>\r\n                    <\/div>\r\n                    <div class='cce-g-text'>\r\n                        <div class='cce-g-name'>\r\n                            <h3>V\u00fdlet do Adr\u0161pachu 2016<\/h3>\r\n                        <\/div>  \r\n                        <div class='cce-g-subtitle'>\r\n                            \r\n                        <\/div>  \r\n                        <div class='cce-g-link-button'>\r\n                            <a href=\"http:\/\/jansja.rajce.idnes.cz\/Vylet_Adrspach_4._6._2016\/\" target=\"_blank\" rel=\"noopener\"><button>Otev\u0159\u00edt galerii <i class='fa-solid fa-up-right-from-square'><\/i><\/button><\/a>\r\n                        <\/div>  \r\n                    <\/div>  \r\n                <\/div>\r\n            \r\n                \r\n                <div class='cce-g-single'>\r\n                    <div class='cce-g-image'>\r\n                        <a href=\"http:\/\/kjun.rajce.idnes.cz\/SeDM_Dvur_Kralove_15_-_17.4._2016\" target=\"_blank\" rel=\"noopener\"><img src='https:\/\/mladez.evangnet.cz\/kralovehradecka\/wp-content\/uploads\/sites\/7\/2024\/09\/sedm-16.webp' alt='Fotogalerie: Senior\u00e1tn\u00ed dny ml\u00e1de\u017ee 2016' title='Zobrazit galerii: Senior\u00e1tn\u00ed dny ml\u00e1de\u017ee 2016' width='300' height='200' loading='lazy'><\/a>\r\n                    <\/div>\r\n                    <div class='cce-g-text'>\r\n                        <div class='cce-g-name'>\r\n                            <h3>Senior\u00e1tn\u00ed dny ml\u00e1de\u017ee 2016<\/h3>\r\n                        <\/div>  \r\n                        <div class='cce-g-subtitle'>\r\n                            <h4>ve Dvo\u0159e Kr\u00e1lov\u00e9<\/h4>\r\n                        <\/div>  \r\n                        <div class='cce-g-link-button'>\r\n                            <a href=\"http:\/\/kjun.rajce.idnes.cz\/SeDM_Dvur_Kralove_15_-_17.4._2016\" target=\"_blank\" rel=\"noopener\"><button>Otev\u0159\u00edt galerii <i class='fa-solid fa-up-right-from-square'><\/i><\/button><\/a>\r\n                        <\/div>  \r\n                    <\/div>  \r\n                <\/div>\r\n            <\/div>\r\n                        <\/div>\r\n                <div class='cce-single-album'>\r\n\t\t\t\t\t\t\t\r\n                            <h2>2015 <span class='odkaz-top' id='album-47'>#<\/span><\/h2>\r\n                            <hr>\r\n                            <div class='cce-g-grid'>\r\n                <div class='cce-g-single'>\r\n                    <div class='cce-g-image'>\r\n                        <a href=\"http:\/\/kupkole.rajce.idnes.cz\/SCUK_2015_-_Klaster_nad_Dedinou\/\" target=\"_blank\" rel=\"noopener\"><img src='https:\/\/mladez.evangnet.cz\/kralovehradecka\/wp-content\/uploads\/sites\/7\/2024\/09\/scuk-15.webp' alt='Fotogalerie: SCUK v Kl\u00e1\u0161teru nad D\u011bdinou ' title='Zobrazit galerii: SCUK v Kl\u00e1\u0161teru nad D\u011bdinou ' width='300' height='200' loading='lazy'><\/a>\r\n                    <\/div>\r\n                    <div class='cce-g-text'>\r\n                        <div class='cce-g-name'>\r\n                            <h3>SCUK v Kl\u00e1\u0161teru nad D\u011bdinou <\/h3>\r\n                        <\/div>  \r\n                        <div class='cce-g-subtitle'>\r\n                            <h4>2015<\/h4>\r\n                        <\/div>  \r\n                        <div class='cce-g-link-button'>\r\n                            <a href=\"http:\/\/kupkole.rajce.idnes.cz\/SCUK_2015_-_Klaster_nad_Dedinou\/\" target=\"_blank\" rel=\"noopener\"><button>Otev\u0159\u00edt galerii <i class='fa-solid fa-up-right-from-square'><\/i><\/button><\/a>\r\n                        <\/div>  \r\n                    <\/div>  \r\n                <\/div>\r\n            \r\n                \r\n                <div class='cce-g-single'>\r\n                    <div class='cce-g-image'>\r\n                        <a href=\"http:\/\/jiricekkupicka.rajce.idnes.cz\/Sportovni_vikend_2015\" target=\"_blank\" rel=\"noopener\"><img src='https:\/\/mladez.evangnet.cz\/kralovehradecka\/wp-content\/uploads\/sites\/7\/2024\/09\/sv-15.webp' alt='Fotogalerie: Sportovn\u00ed v\u00edkend 2015' title='Zobrazit galerii: Sportovn\u00ed v\u00edkend 2015' width='300' height='200' loading='lazy'><\/a>\r\n                    <\/div>\r\n                    <div class='cce-g-text'>\r\n                        <div class='cce-g-name'>\r\n                            <h3>Sportovn\u00ed v\u00edkend 2015<\/h3>\r\n                        <\/div>  \r\n                        <div class='cce-g-subtitle'>\r\n                            \r\n                        <\/div>  \r\n                        <div class='cce-g-link-button'>\r\n                            <a href=\"http:\/\/jiricekkupicka.rajce.idnes.cz\/Sportovni_vikend_2015\" target=\"_blank\" rel=\"noopener\"><button>Otev\u0159\u00edt galerii <i class='fa-solid fa-up-right-from-square'><\/i><\/button><\/a>\r\n                        <\/div>  \r\n                    <\/div>  \r\n                <\/div>\r\n            \r\n                \r\n                <div class='cce-g-single'>\r\n                    <div class='cce-g-image'>\r\n                        <a href=\"http:\/\/kupkole.rajce.idnes.cz\/Brigada_-_Herlikovice_2015\/\" target=\"_blank\" rel=\"noopener\"><img src='https:\/\/mladez.evangnet.cz\/kralovehradecka\/wp-content\/uploads\/sites\/7\/2024\/09\/b-15.webp' alt='Fotogalerie: Brig\u00e1da v Herl\u00edkovic\u00edch 2015 ' title='Zobrazit galerii: Brig\u00e1da v Herl\u00edkovic\u00edch 2015 ' width='300' height='200' loading='lazy'><\/a>\r\n                    <\/div>\r\n                    <div class='cce-g-text'>\r\n                        <div class='cce-g-name'>\r\n                            <h3>Brig\u00e1da v Herl\u00edkovic\u00edch 2015 <\/h3>\r\n                        <\/div>  \r\n                        <div class='cce-g-subtitle'>\r\n                            <h4>Celoc\u00edrkevn\u00ed akce<\/h4>\r\n                        <\/div>  \r\n                        <div class='cce-g-link-button'>\r\n                            <a href=\"http:\/\/kupkole.rajce.idnes.cz\/Brigada_-_Herlikovice_2015\/\" target=\"_blank\" rel=\"noopener\"><button>Otev\u0159\u00edt galerii <i class='fa-solid fa-up-right-from-square'><\/i><\/button><\/a>\r\n                        <\/div>  \r\n                    <\/div>  \r\n                <\/div>\r\n            \r\n                \r\n                <div class='cce-g-single'>\r\n                    <div class='cce-g-image'>\r\n                        <a href=\"http:\/\/kjun.rajce.idnes.cz\/Jarni_dny_mladeze_v_Lozicich_17.-19.4.2015\/\" target=\"_blank\" rel=\"noopener\"><img src='https:\/\/mladez.evangnet.cz\/kralovehradecka\/wp-content\/uploads\/sites\/7\/2024\/09\/jdm-15.webp' alt='Fotogalerie: Senior\u00e1tn\u00ed dny ml\u00e1de\u017ee' title='Zobrazit galerii: Senior\u00e1tn\u00ed dny ml\u00e1de\u017ee' width='300' height='200' loading='lazy'><\/a>\r\n                    <\/div>\r\n                    <div class='cce-g-text'>\r\n                        <div class='cce-g-name'>\r\n                            <h3>Senior\u00e1tn\u00ed dny ml\u00e1de\u017ee<\/h3>\r\n                        <\/div>  \r\n                        <div class='cce-g-subtitle'>\r\n                            <h4>V Lozic\u00edch 2015<\/h4>\r\n                        <\/div>  \r\n                        <div class='cce-g-link-button'>\r\n                            <a href=\"http:\/\/kjun.rajce.idnes.cz\/Jarni_dny_mladeze_v_Lozicich_17.-19.4.2015\/\" target=\"_blank\" rel=\"noopener\"><button>Otev\u0159\u00edt galerii <i class='fa-solid fa-up-right-from-square'><\/i><\/button><\/a>\r\n                        <\/div>  \r\n                    <\/div>  \r\n                <\/div>\r\n            \r\n                \r\n                <div class='cce-g-single'>\r\n                    <div class='cce-g-image'>\r\n                        <a href=\"http:\/\/kupkole.rajce.idnes.cz\/Konfici_2015_aneb_fakt_HUStej_vikend\/\" target=\"_blank\" rel=\"noopener\"><img src='https:\/\/mladez.evangnet.cz\/kralovehradecka\/wp-content\/uploads\/sites\/7\/2024\/09\/k-15.webp' alt='Fotogalerie: Konf\u00edci 2015' title='Zobrazit galerii: Konf\u00edci 2015' width='300' height='200' loading='lazy'><\/a>\r\n                    <\/div>\r\n                    <div class='cce-g-text'>\r\n                        <div class='cce-g-name'>\r\n                            <h3>Konf\u00edci 2015<\/h3>\r\n                        <\/div>  \r\n                        <div class='cce-g-subtitle'>\r\n                            \r\n                        <\/div>  \r\n                        <div class='cce-g-link-button'>\r\n                            <a href=\"http:\/\/kupkole.rajce.idnes.cz\/Konfici_2015_aneb_fakt_HUStej_vikend\/\" target=\"_blank\" rel=\"noopener\"><button>Otev\u0159\u00edt galerii <i class='fa-solid fa-up-right-from-square'><\/i><\/button><\/a>\r\n                        <\/div>  \r\n                    <\/div>  \r\n                <\/div>\r\n            \r\n                \r\n                <div class='cce-g-single'>\r\n                    <div class='cce-g-image'>\r\n                        <a href=\"http:\/\/kupkole.rajce.idnes.cz\/Futsal_2015\/#DSC_0114.jpg\" target=\"_blank\" rel=\"noopener\"><img src='https:\/\/mladez.evangnet.cz\/kralovehradecka\/wp-content\/uploads\/sites\/7\/2024\/09\/f-15.webp' alt='Fotogalerie: Futs\u00e1lov\u00fd turnaj 2015' title='Zobrazit galerii: Futs\u00e1lov\u00fd turnaj 2015' width='300' height='200' loading='lazy'><\/a>\r\n                    <\/div>\r\n                    <div class='cce-g-text'>\r\n                        <div class='cce-g-name'>\r\n                            <h3>Futs\u00e1lov\u00fd turnaj 2015<\/h3>\r\n                        <\/div>  \r\n                        <div class='cce-g-subtitle'>\r\n                            <h4>V T\u0159ebechovic\u00edch 2015<\/h4>\r\n                        <\/div>  \r\n                        <div class='cce-g-link-button'>\r\n                            <a href=\"http:\/\/kupkole.rajce.idnes.cz\/Futsal_2015\/#DSC_0114.jpg\" target=\"_blank\" rel=\"noopener\"><button>Otev\u0159\u00edt galerii <i class='fa-solid fa-up-right-from-square'><\/i><\/button><\/a>\r\n                        <\/div>  \r\n                    <\/div>  \r\n                <\/div>\r\n            <\/div>\r\n                        <\/div>\r\n                <div class='cce-single-album'>\r\n\t\t\t\t\t\t\t\r\n                            <h2>2014 <span class='odkaz-top' id='album-46'>#<\/span><\/h2>\r\n                            <hr>\r\n                            <div class='cce-g-grid'>\r\n                <div class='cce-g-single'>\r\n                    <div class='cce-g-image'>\r\n                        <a href=\"http:\/\/jiricekkupicka.rajce.idnes.cz\/SEnioratni_dny_mladeze_Vrchlabi_07.-09.11.2014\/\" target=\"_blank\" rel=\"noopener\"><img src='https:\/\/mladez.evangnet.cz\/kralovehradecka\/wp-content\/uploads\/sites\/7\/2024\/09\/scuk-14.webp' alt='Fotogalerie: Scuk ve Vrchlab\u00ed 2014' title='Zobrazit galerii: Scuk ve Vrchlab\u00ed 2014' width='300' height='200' loading='lazy'><\/a>\r\n                    <\/div>\r\n                    <div class='cce-g-text'>\r\n                        <div class='cce-g-name'>\r\n                            <h3>Scuk ve Vrchlab\u00ed 2014<\/h3>\r\n                        <\/div>  \r\n                        <div class='cce-g-subtitle'>\r\n                            \r\n                        <\/div>  \r\n                        <div class='cce-g-link-button'>\r\n                            <a href=\"http:\/\/jiricekkupicka.rajce.idnes.cz\/SEnioratni_dny_mladeze_Vrchlabi_07.-09.11.2014\/\" target=\"_blank\" rel=\"noopener\"><button>Otev\u0159\u00edt galerii <i class='fa-solid fa-up-right-from-square'><\/i><\/button><\/a>\r\n                        <\/div>  \r\n                    <\/div>  \r\n                <\/div>\r\n            \r\n                \r\n                <div class='cce-g-single'>\r\n                    <div class='cce-g-image'>\r\n                        <a href=\"http:\/\/jiricekkupicka.rajce.idnes.cz\/Sportovni_viked_20.-22.06.2014_Cernilov\/\" target=\"_blank\" rel=\"noopener\"><img src='https:\/\/mladez.evangnet.cz\/kralovehradecka\/wp-content\/uploads\/sites\/7\/2024\/09\/sv-14.webp' alt='Fotogalerie: Sportovn\u00ed v\u00edkend ' title='Zobrazit galerii: Sportovn\u00ed v\u00edkend ' width='300' height='200' loading='lazy'><\/a>\r\n                    <\/div>\r\n                    <div class='cce-g-text'>\r\n                        <div class='cce-g-name'>\r\n                            <h3>Sportovn\u00ed v\u00edkend <\/h3>\r\n                        <\/div>  \r\n                        <div class='cce-g-subtitle'>\r\n                            <h4>V \u010cernilov\u011b 2014<\/h4>\r\n                        <\/div>  \r\n                        <div class='cce-g-link-button'>\r\n                            <a href=\"http:\/\/jiricekkupicka.rajce.idnes.cz\/Sportovni_viked_20.-22.06.2014_Cernilov\/\" target=\"_blank\" rel=\"noopener\"><button>Otev\u0159\u00edt galerii <i class='fa-solid fa-up-right-from-square'><\/i><\/button><\/a>\r\n                        <\/div>  \r\n                    <\/div>  \r\n                <\/div>\r\n            \r\n                \r\n                <div class='cce-g-single'>\r\n                    <div class='cce-g-image'>\r\n                        <a href=\"http:\/\/kupkole.rajce.idnes.cz\/Brigada_mladeze_v_Belci\/\" target=\"_blank\" rel=\"noopener\"><img src='https:\/\/mladez.evangnet.cz\/kralovehradecka\/wp-content\/uploads\/sites\/7\/2024\/09\/b-14.webp' alt='Fotogalerie: Brig\u00e1da v B\u011bl\u010di 2014' title='Zobrazit galerii: Brig\u00e1da v B\u011bl\u010di 2014' width='300' height='200' loading='lazy'><\/a>\r\n                    <\/div>\r\n                    <div class='cce-g-text'>\r\n                        <div class='cce-g-name'>\r\n                            <h3>Brig\u00e1da v B\u011bl\u010di 2014<\/h3>\r\n                        <\/div>  \r\n                        <div class='cce-g-subtitle'>\r\n                            \r\n                        <\/div>  \r\n                        <div class='cce-g-link-button'>\r\n                            <a href=\"http:\/\/kupkole.rajce.idnes.cz\/Brigada_mladeze_v_Belci\/\" target=\"_blank\" rel=\"noopener\"><button>Otev\u0159\u00edt galerii <i class='fa-solid fa-up-right-from-square'><\/i><\/button><\/a>\r\n                        <\/div>  \r\n                    <\/div>  \r\n                <\/div>\r\n            \r\n                \r\n                <div class='cce-g-single'>\r\n                    <div class='cce-g-image'>\r\n                        <a href=\"http:\/\/jiricekkupicka.rajce.idnes.cz\/SEDM_25.-27.04.2014_Hradec_Kralove\" target=\"_blank\" rel=\"noopener\"><img src='https:\/\/mladez.evangnet.cz\/kralovehradecka\/wp-content\/uploads\/sites\/7\/2024\/09\/sedm-14.webp' alt='Fotogalerie: SeDM v Hradci Kr\u00e1lov\u00e9 2014' title='Zobrazit galerii: SeDM v Hradci Kr\u00e1lov\u00e9 2014' width='300' height='200' loading='lazy'><\/a>\r\n                    <\/div>\r\n                    <div class='cce-g-text'>\r\n                        <div class='cce-g-name'>\r\n                            <h3>SeDM v Hradci Kr\u00e1lov\u00e9 2014<\/h3>\r\n                        <\/div>  \r\n                        <div class='cce-g-subtitle'>\r\n                            \r\n                        <\/div>  \r\n                        <div class='cce-g-link-button'>\r\n                            <a href=\"http:\/\/jiricekkupicka.rajce.idnes.cz\/SEDM_25.-27.04.2014_Hradec_Kralove\" target=\"_blank\" rel=\"noopener\"><button>Otev\u0159\u00edt galerii <i class='fa-solid fa-up-right-from-square'><\/i><\/button><\/a>\r\n                        <\/div>  \r\n                    <\/div>  \r\n                <\/div>\r\n            \r\n                \r\n                <div class='cce-g-single'>\r\n                    <div class='cce-g-image'>\r\n                        <a href=\"http:\/\/kupkole.rajce.idnes.cz\/Konfici_2014\/\" target=\"_blank\" rel=\"noopener\"><img src='https:\/\/mladez.evangnet.cz\/kralovehradecka\/wp-content\/uploads\/sites\/7\/2024\/09\/k-13.webp' alt='Fotogalerie: Konf\u00edci Tis 2014' title='Zobrazit galerii: Konf\u00edci Tis 2014' width='300' height='200' loading='lazy'><\/a>\r\n                    <\/div>\r\n                    <div class='cce-g-text'>\r\n                        <div class='cce-g-name'>\r\n                            <h3>Konf\u00edci Tis 2014<\/h3>\r\n                        <\/div>  \r\n                        <div class='cce-g-subtitle'>\r\n                            \r\n                        <\/div>  \r\n                        <div class='cce-g-link-button'>\r\n                            <a href=\"http:\/\/kupkole.rajce.idnes.cz\/Konfici_2014\/\" target=\"_blank\" rel=\"noopener\"><button>Otev\u0159\u00edt galerii <i class='fa-solid fa-up-right-from-square'><\/i><\/button><\/a>\r\n                        <\/div>  \r\n                    <\/div>  \r\n                <\/div>\r\n            \r\n                \r\n                <div class='cce-g-single'>\r\n                    <div class='cce-g-image'>\r\n                        <a href=\"http:\/\/jiricekkupicka.rajce.idnes.cz\/Futsal_o_pohar_Orebitu_Trebechovice_pod_Orebem_8.2.2014\" target=\"_blank\" rel=\"noopener\"><img src='https:\/\/mladez.evangnet.cz\/kralovehradecka\/wp-content\/uploads\/sites\/7\/2024\/09\/f-14.webp' alt='Fotogalerie: Futs\u00e1lov\u00fd turnaj 2014' title='Zobrazit galerii: Futs\u00e1lov\u00fd turnaj 2014' width='300' height='200' loading='lazy'><\/a>\r\n                    <\/div>\r\n                    <div class='cce-g-text'>\r\n                        <div class='cce-g-name'>\r\n                            <h3>Futs\u00e1lov\u00fd turnaj 2014<\/h3>\r\n                        <\/div>  \r\n                        <div class='cce-g-subtitle'>\r\n                            <h4>V T\u0159ebechovic\u00edch 2014<\/h4>\r\n                        <\/div>  \r\n                        <div class='cce-g-link-button'>\r\n                            <a href=\"http:\/\/jiricekkupicka.rajce.idnes.cz\/Futsal_o_pohar_Orebitu_Trebechovice_pod_Orebem_8.2.2014\" target=\"_blank\" rel=\"noopener\"><button>Otev\u0159\u00edt galerii <i class='fa-solid fa-up-right-from-square'><\/i><\/button><\/a>\r\n                        <\/div>  \r\n                    <\/div>  \r\n                <\/div>\r\n            <\/div>\r\n                        <\/div>\r\n                <div class='cce-single-album'>\r\n\t\t\t\t\t\t\t\r\n                            <h2>2013 <span class='odkaz-top' id='album-45'>#<\/span><\/h2>\r\n                            <hr>\r\n                            <div class='cce-g-grid'>\r\n                <div class='cce-g-single'>\r\n                    <div class='cce-g-image'>\r\n                        <a href=\"http:\/\/jiricekkupicka.rajce.idnes.cz\/Scuk_Letohrad_1.-3.11.2013\" target=\"_blank\" rel=\"noopener\"><img src='https:\/\/mladez.evangnet.cz\/kralovehradecka\/wp-content\/uploads\/sites\/7\/2024\/09\/scuk-14.webp' alt='Fotogalerie: Scuk v Letohrad\u011b 2013' title='Zobrazit galerii: Scuk v Letohrad\u011b 2013' width='300' height='200' loading='lazy'><\/a>\r\n                    <\/div>\r\n                    <div class='cce-g-text'>\r\n                        <div class='cce-g-name'>\r\n                            <h3>Scuk v Letohrad\u011b 2013<\/h3>\r\n                        <\/div>  \r\n                        <div class='cce-g-subtitle'>\r\n                            \r\n                        <\/div>  \r\n                        <div class='cce-g-link-button'>\r\n                            <a href=\"http:\/\/jiricekkupicka.rajce.idnes.cz\/Scuk_Letohrad_1.-3.11.2013\" target=\"_blank\" rel=\"noopener\"><button>Otev\u0159\u00edt galerii <i class='fa-solid fa-up-right-from-square'><\/i><\/button><\/a>\r\n                        <\/div>  \r\n                    <\/div>  \r\n                <\/div>\r\n            \r\n                \r\n                <div class='cce-g-single'>\r\n                    <div class='cce-g-image'>\r\n                        <a href=\"http:\/\/jiricekkupicka.rajce.idnes.cz\/Sportovni_Vikend_14.-16.6.2013_v_Cernilove\" target=\"_blank\" rel=\"noopener\"><img src='https:\/\/mladez.evangnet.cz\/kralovehradecka\/wp-content\/uploads\/sites\/7\/2024\/09\/sv-13.webp' alt='Fotogalerie: Sportovn\u00ed v\u00edkend 2013' title='Zobrazit galerii: Sportovn\u00ed v\u00edkend 2013' width='300' height='200' loading='lazy'><\/a>\r\n                    <\/div>\r\n                    <div class='cce-g-text'>\r\n                        <div class='cce-g-name'>\r\n                            <h3>Sportovn\u00ed v\u00edkend 2013<\/h3>\r\n                        <\/div>  \r\n                        <div class='cce-g-subtitle'>\r\n                            <h4>V \u010cernilov\u011b<\/h4>\r\n                        <\/div>  \r\n                        <div class='cce-g-link-button'>\r\n                            <a href=\"http:\/\/jiricekkupicka.rajce.idnes.cz\/Sportovni_Vikend_14.-16.6.2013_v_Cernilove\" target=\"_blank\" rel=\"noopener\"><button>Otev\u0159\u00edt galerii <i class='fa-solid fa-up-right-from-square'><\/i><\/button><\/a>\r\n                        <\/div>  \r\n                    <\/div>  \r\n                <\/div>\r\n            \r\n                \r\n                <div class='cce-g-single'>\r\n                    <div class='cce-g-image'>\r\n                        <a href=\"http:\/\/kupkole.rajce.idnes.cz\/Vikendovka_pro_konfirmandy_a_mladsi_mladez_Tis_2013\/\" target=\"_blank\" rel=\"noopener\"><img src='https:\/\/mladez.evangnet.cz\/kralovehradecka\/wp-content\/uploads\/sites\/7\/2024\/09\/k-13.webp' alt='Fotogalerie: Konf\u00edci Tis 2013' title='Zobrazit galerii: Konf\u00edci Tis 2013' width='300' height='200' loading='lazy'><\/a>\r\n                    <\/div>\r\n                    <div class='cce-g-text'>\r\n                        <div class='cce-g-name'>\r\n                            <h3>Konf\u00edci Tis 2013<\/h3>\r\n                        <\/div>  \r\n                        <div class='cce-g-subtitle'>\r\n                            \r\n                        <\/div>  \r\n                        <div class='cce-g-link-button'>\r\n                            <a href=\"http:\/\/kupkole.rajce.idnes.cz\/Vikendovka_pro_konfirmandy_a_mladsi_mladez_Tis_2013\/\" target=\"_blank\" rel=\"noopener\"><button>Otev\u0159\u00edt galerii <i class='fa-solid fa-up-right-from-square'><\/i><\/button><\/a>\r\n                        <\/div>  \r\n                    <\/div>  \r\n                <\/div>\r\n            \r\n                \r\n                <div class='cce-g-single'>\r\n                    <div class='cce-g-image'>\r\n                        <a href=\"http:\/\/jiricekkupicka.rajce.idnes.cz\/Futsal_16.02.2013_Trebechovice_pod_Orebem\" target=\"_blank\" rel=\"noopener\"><img src='https:\/\/mladez.evangnet.cz\/kralovehradecka\/wp-content\/uploads\/sites\/7\/2024\/09\/f-13.webp' alt='Fotogalerie: Futs\u00e1lov\u00fd turnaj 2013' title='Zobrazit galerii: Futs\u00e1lov\u00fd turnaj 2013' width='300' height='200' loading='lazy'><\/a>\r\n                    <\/div>\r\n                    <div class='cce-g-text'>\r\n                        <div class='cce-g-name'>\r\n                            <h3>Futs\u00e1lov\u00fd turnaj 2013<\/h3>\r\n                        <\/div>  \r\n                        <div class='cce-g-subtitle'>\r\n                            <h4>V T\u0159ebechovic\u00edch 2013<\/h4>\r\n                        <\/div>  \r\n                        <div class='cce-g-link-button'>\r\n                            <a href=\"http:\/\/jiricekkupicka.rajce.idnes.cz\/Futsal_16.02.2013_Trebechovice_pod_Orebem\" target=\"_blank\" rel=\"noopener\"><button>Otev\u0159\u00edt galerii <i class='fa-solid fa-up-right-from-square'><\/i><\/button><\/a>\r\n                        <\/div>  \r\n                    <\/div>  \r\n                <\/div>\r\n            <\/div>\r\n                        <\/div>\r\n                <div class='cce-single-album'>\r\n\t\t\t\t\t\t\t\r\n                            <h2>2012 <span class='odkaz-top' id='album-44'>#<\/span><\/h2>\r\n                            <hr>\r\n                            <div class='cce-g-grid'>\r\n                <div class='cce-g-single'>\r\n                    <div class='cce-g-image'>\r\n                        <a href=\"http:\/\/jiricekkupicka.rajce.idnes.cz\/SCUK_Dvur_Kralove_nad_Labem_2.-4.11.2012_tema_Popopopopomoc_muzes_i_ty\" target=\"_blank\" rel=\"noopener\"><img src='https:\/\/mladez.evangnet.cz\/kralovehradecka\/wp-content\/uploads\/sites\/7\/2024\/09\/scuk-12.webp' alt='Fotogalerie: Scuk ve Dvo\u0159e Kr\u00e1lov\u00e9 2012' title='Zobrazit galerii: Scuk ve Dvo\u0159e Kr\u00e1lov\u00e9 2012' width='300' height='200' loading='lazy'><\/a>\r\n                    <\/div>\r\n                    <div class='cce-g-text'>\r\n                        <div class='cce-g-name'>\r\n                            <h3>Scuk ve Dvo\u0159e Kr\u00e1lov\u00e9 2012<\/h3>\r\n                        <\/div>  \r\n                        <div class='cce-g-subtitle'>\r\n                            \r\n                        <\/div>  \r\n                        <div class='cce-g-link-button'>\r\n                            <a href=\"http:\/\/jiricekkupicka.rajce.idnes.cz\/SCUK_Dvur_Kralove_nad_Labem_2.-4.11.2012_tema_Popopopopomoc_muzes_i_ty\" target=\"_blank\" rel=\"noopener\"><button>Otev\u0159\u00edt galerii <i class='fa-solid fa-up-right-from-square'><\/i><\/button><\/a>\r\n                        <\/div>  \r\n                    <\/div>  \r\n                <\/div>\r\n            \r\n                \r\n                <div class='cce-g-single'>\r\n                    <div class='cce-g-image'>\r\n                        <a href=\"http:\/\/jiricekkupicka.rajce.idnes.cz\/Mladeznicka_voda_orlice_7.7.-14.7.2012\" target=\"_blank\" rel=\"noopener\"><img src='https:\/\/mladez.evangnet.cz\/kralovehradecka\/wp-content\/uploads\/sites\/7\/2024\/09\/voda-12.webp' alt='Fotogalerie: Senior\u00e1tn\u00ed voda \u2013 Orlice 2012' title='Zobrazit galerii: Senior\u00e1tn\u00ed voda \u2013 Orlice 2012' width='300' height='200' loading='lazy'><\/a>\r\n                    <\/div>\r\n                    <div class='cce-g-text'>\r\n                        <div class='cce-g-name'>\r\n                            <h3>Senior\u00e1tn\u00ed voda \u2013 Orlice 2012<\/h3>\r\n                        <\/div>  \r\n                        <div class='cce-g-subtitle'>\r\n                            \r\n                        <\/div>  \r\n                        <div class='cce-g-link-button'>\r\n                            <a href=\"http:\/\/jiricekkupicka.rajce.idnes.cz\/Mladeznicka_voda_orlice_7.7.-14.7.2012\" target=\"_blank\" rel=\"noopener\"><button>Otev\u0159\u00edt galerii <i class='fa-solid fa-up-right-from-square'><\/i><\/button><\/a>\r\n                        <\/div>  \r\n                    <\/div>  \r\n                <\/div>\r\n            \r\n                \r\n                <div class='cce-g-single'>\r\n                    <div class='cce-g-image'>\r\n                        <a href=\"http:\/\/kupkole.rajce.idnes.cz\/Kolem_kolem_2012\/\" target=\"_blank\" rel=\"noopener\"><img src='https:\/\/mladez.evangnet.cz\/kralovehradecka\/wp-content\/uploads\/sites\/7\/2024\/09\/kk-12.webp' alt='Fotogalerie: Senior\u00e1tn\u00ed kola Kolem senior\u00e1tu' title='Zobrazit galerii: Senior\u00e1tn\u00ed kola Kolem senior\u00e1tu' width='300' height='200' loading='lazy'><\/a>\r\n                    <\/div>\r\n                    <div class='cce-g-text'>\r\n                        <div class='cce-g-name'>\r\n                            <h3>Senior\u00e1tn\u00ed kola Kolem senior\u00e1tu<\/h3>\r\n                        <\/div>  \r\n                        <div class='cce-g-subtitle'>\r\n                            \r\n                        <\/div>  \r\n                        <div class='cce-g-link-button'>\r\n                            <a href=\"http:\/\/kupkole.rajce.idnes.cz\/Kolem_kolem_2012\/\" target=\"_blank\" rel=\"noopener\"><button>Otev\u0159\u00edt galerii <i class='fa-solid fa-up-right-from-square'><\/i><\/button><\/a>\r\n                        <\/div>  \r\n                    <\/div>  \r\n                <\/div>\r\n            \r\n                \r\n                <div class='cce-g-single'>\r\n                    <div class='cce-g-image'>\r\n                        <a href=\"http:\/\/jiricekkupicka.rajce.idnes.cz\/SeDM_Trebechovice_pod_Orebem_20._-_22._04._2012\" target=\"_blank\" rel=\"noopener\"><img src='https:\/\/mladez.evangnet.cz\/kralovehradecka\/wp-content\/uploads\/sites\/7\/2024\/09\/sedm-12.webp' alt='Fotogalerie: Senior\u00e1tn\u00ed dny ml\u00e1de\u017ee' title='Zobrazit galerii: Senior\u00e1tn\u00ed dny ml\u00e1de\u017ee' width='300' height='200' loading='lazy'><\/a>\r\n                    <\/div>\r\n                    <div class='cce-g-text'>\r\n                        <div class='cce-g-name'>\r\n                            <h3>Senior\u00e1tn\u00ed dny ml\u00e1de\u017ee<\/h3>\r\n                        <\/div>  \r\n                        <div class='cce-g-subtitle'>\r\n                            <h4>V T\u0159ebechovic\u00edch 2012<\/h4>\r\n                        <\/div>  \r\n                        <div class='cce-g-link-button'>\r\n                            <a href=\"http:\/\/jiricekkupicka.rajce.idnes.cz\/SeDM_Trebechovice_pod_Orebem_20._-_22._04._2012\" target=\"_blank\" rel=\"noopener\"><button>Otev\u0159\u00edt galerii <i class='fa-solid fa-up-right-from-square'><\/i><\/button><\/a>\r\n                        <\/div>  \r\n                    <\/div>  \r\n                <\/div>\r\n            \r\n                \r\n                <div class='cce-g-single'>\r\n                    <div class='cce-g-image'>\r\n                        <a href=\"http:\/\/jiricekkupicka.rajce.idnes.cz\/Konfici_30.03.-01.04.2012\/\" target=\"_blank\" rel=\"noopener\"><img src='https:\/\/mladez.evangnet.cz\/kralovehradecka\/wp-content\/uploads\/sites\/7\/2024\/09\/k-12.webp' alt='Fotogalerie: Konf\u00edci Tis 2012' title='Zobrazit galerii: Konf\u00edci Tis 2012' width='300' height='200' loading='lazy'><\/a>\r\n                    <\/div>\r\n                    <div class='cce-g-text'>\r\n                        <div class='cce-g-name'>\r\n                            <h3>Konf\u00edci Tis 2012<\/h3>\r\n                        <\/div>  \r\n                        <div class='cce-g-subtitle'>\r\n                            \r\n                        <\/div>  \r\n                        <div class='cce-g-link-button'>\r\n                            <a href=\"http:\/\/jiricekkupicka.rajce.idnes.cz\/Konfici_30.03.-01.04.2012\/\" target=\"_blank\" rel=\"noopener\"><button>Otev\u0159\u00edt galerii <i class='fa-solid fa-up-right-from-square'><\/i><\/button><\/a>\r\n                        <\/div>  \r\n                    <\/div>  \r\n                <\/div>\r\n            \r\n                \r\n                <div class='cce-g-single'>\r\n                    <div class='cce-g-image'>\r\n                        <a href=\"http:\/\/jiricekkupicka.rajce.idnes.cz\/Futsal_25.02.2012\" target=\"_blank\" rel=\"noopener\"><img src='https:\/\/mladez.evangnet.cz\/kralovehradecka\/wp-content\/uploads\/sites\/7\/2024\/09\/f-12.webp' alt='Fotogalerie: Futs\u00e1lov\u00fd turnaj 2012' title='Zobrazit galerii: Futs\u00e1lov\u00fd turnaj 2012' width='300' height='200' loading='lazy'><\/a>\r\n                    <\/div>\r\n                    <div class='cce-g-text'>\r\n                        <div class='cce-g-name'>\r\n                            <h3>Futs\u00e1lov\u00fd turnaj 2012<\/h3>\r\n                        <\/div>  \r\n                        <div class='cce-g-subtitle'>\r\n                            <h4>V T\u0159ebechovic\u00edch 2012<\/h4>\r\n                        <\/div>  \r\n                        <div class='cce-g-link-button'>\r\n                            <a href=\"http:\/\/jiricekkupicka.rajce.idnes.cz\/Futsal_25.02.2012\" target=\"_blank\" rel=\"noopener\"><button>Otev\u0159\u00edt galerii <i class='fa-solid fa-up-right-from-square'><\/i><\/button><\/a>\r\n                        <\/div>  \r\n                    <\/div>  \r\n                <\/div>\r\n            <\/div>\r\n                        <\/div>\r\n                <div class='cce-single-album'>\r\n\t\t\t\t\t\t\t\r\n                            <h2>2011 <span class='odkaz-top' id='album-43'>#<\/span><\/h2>\r\n                            <hr>\r\n                            <div class='cce-g-grid'>\r\n                <div class='cce-g-single'>\r\n                    <div class='cce-g-image'>\r\n                        <a href=\"http:\/\/jiricekkupicka.rajce.idnes.cz\/Konfici_18.-20.03._2011_Tis\" target=\"_blank\" rel=\"noopener\"><img src='https:\/\/mladez.evangnet.cz\/kralovehradecka\/wp-content\/uploads\/sites\/7\/2024\/09\/k-11.webp' alt='Fotogalerie: Konf\u00edci Tis 2011' title='Zobrazit galerii: Konf\u00edci Tis 2011' width='300' height='200' loading='lazy'><\/a>\r\n                    <\/div>\r\n                    <div class='cce-g-text'>\r\n                        <div class='cce-g-name'>\r\n                            <h3>Konf\u00edci Tis 2011<\/h3>\r\n                        <\/div>  \r\n                        <div class='cce-g-subtitle'>\r\n                            \r\n                        <\/div>  \r\n                        <div class='cce-g-link-button'>\r\n                            <a href=\"http:\/\/jiricekkupicka.rajce.idnes.cz\/Konfici_18.-20.03._2011_Tis\" target=\"_blank\" rel=\"noopener\"><button>Otev\u0159\u00edt galerii <i class='fa-solid fa-up-right-from-square'><\/i><\/button><\/a>\r\n                        <\/div>  \r\n                    <\/div>  \r\n                <\/div>\r\n            \r\n                \r\n                <div class='cce-g-single'>\r\n                    <div class='cce-g-image'>\r\n                        <a href=\"http:\/\/mladezhk.rajce.idnes.cz\/Futsal_Trebechovice_2011\/\" target=\"_blank\" rel=\"noopener\"><img src='https:\/\/mladez.evangnet.cz\/kralovehradecka\/wp-content\/uploads\/sites\/7\/2024\/09\/f-11.webp' alt='Fotogalerie: Futs\u00e1lov\u00fd turnaj 2011' title='Zobrazit galerii: Futs\u00e1lov\u00fd turnaj 2011' width='300' height='200' loading='lazy'><\/a>\r\n                    <\/div>\r\n                    <div class='cce-g-text'>\r\n                        <div class='cce-g-name'>\r\n                            <h3>Futs\u00e1lov\u00fd turnaj 2011<\/h3>\r\n                        <\/div>  \r\n                        <div class='cce-g-subtitle'>\r\n                            <h4>V T\u0159ebechovic\u00edch 2011<\/h4>\r\n                        <\/div>  \r\n                        <div class='cce-g-link-button'>\r\n                            <a href=\"http:\/\/mladezhk.rajce.idnes.cz\/Futsal_Trebechovice_2011\/\" target=\"_blank\" rel=\"noopener\"><button>Otev\u0159\u00edt galerii <i class='fa-solid fa-up-right-from-square'><\/i><\/button><\/a>\r\n                        <\/div>  \r\n                    <\/div>  \r\n                <\/div>\r\n            <\/div>\r\n                        <\/div>\r\n                <div class='cce-single-album'>\r\n\t\t\t\t\t\t\t\r\n                            <h2>2010 <span class='odkaz-top' id='album-42'>#<\/span><\/h2>\r\n                            <hr>\r\n                            <div class='cce-g-grid'>\r\n                <div class='cce-g-single'>\r\n                    <div class='cce-g-image'>\r\n                        <a href=\"http:\/\/mladezhk.rajce.idnes.cz\/SCUK_Horice_2010\/\" target=\"_blank\" rel=\"noopener\"><img src='https:\/\/mladez.evangnet.cz\/kralovehradecka\/wp-content\/uploads\/sites\/7\/2024\/09\/scuk-10-1024x767.webp' alt='Fotogalerie: Scuk v Ho\u0159ic\u00edch 2010' title='Zobrazit galerii: Scuk v Ho\u0159ic\u00edch 2010' width='300' height='200' loading='lazy'><\/a>\r\n                    <\/div>\r\n                    <div class='cce-g-text'>\r\n                        <div class='cce-g-name'>\r\n                            <h3>Scuk v Ho\u0159ic\u00edch 2010<\/h3>\r\n                        <\/div>  \r\n                        <div class='cce-g-subtitle'>\r\n                            \r\n                        <\/div>  \r\n                        <div class='cce-g-link-button'>\r\n                            <a href=\"http:\/\/mladezhk.rajce.idnes.cz\/SCUK_Horice_2010\/\" target=\"_blank\" rel=\"noopener\"><button>Otev\u0159\u00edt galerii <i class='fa-solid fa-up-right-from-square'><\/i><\/button><\/a>\r\n                        <\/div>  \r\n                    <\/div>  \r\n                <\/div>\r\n            <\/div>\r\n            <\/div><\/div>\n","protected":false},"excerpt":{"rendered":"","protected":false},"author":1,"featured_media":0,"parent":0,"menu_order":0,"comment_status":"closed","ping_status":"closed","template":"","meta":{"footnotes":""},"class_list":["post-10","page","type-page","status-publish","hentry"],"rankMath":{"parentDomain":"mladez.evangnet.cz","noFollowDomains":[],"noFollowExcludeDomains":[],"noFollowExternalLinks":false,"featuredImageNotice":"Doporu\u010den\u00fd obr\u00e1zek by m\u011bl b\u00fdt alespo\u0148 200 x 200 pixel\u016f, aby jej bylo mo\u017en\u00e9 zachytit na Facebooku a na jin\u00fdch soci\u00e1ln\u00edch s\u00edt\u00edch.","pluginReviewed":false,"postSettings":{"linkSuggestions":true,"useFocusKeyword":false},"frontEndScore":false,"postName":"fotogalerie","permalinkFormat":"https:\/\/mladez.evangnet.cz\/kralovehradecka\/%pagename%\/","showLockModifiedDate":true,"assessor":{"focusKeywordLink":"https:\/\/mladez.evangnet.cz\/kralovehradecka\/wp-admin\/edit.php?focus_keyword=%focus_keyword%&post_type=%post_type%","hasTOCPlugin":false,"primaryTaxonomy":false,"serpData":{"title":"","description":"Fotogalerie z akc\u00ed Kr\u00e1lovehradeck\u00e9ho senior\u00e1tu. Po\u0159\u00e1d\u00e1me akce jako: Brig\u00e1da, Jarn\u00ed senior\u00e1tn\u00ed dny ml\u00e1de\u017ee, Jarn\u00ed setk\u00e1n\u00ed ml\u00e1de\u017ee, \u010cundr, V\u00fdlet, Podzimn\u00ed SDM","focusKeywords":"Fotogalerie","pillarContent":false,"canonicalUrl":"","breadcrumbTitle":"","advancedRobots":[],"facebookTitle":"","facebookDescription":"","facebookImage":"","facebookImageID":"","facebookHasOverlay":false,"facebookImageOverlay":"","facebookAuthor":"","twitterCardType":"","twitterUseFacebook":true,"twitterTitle":"","twitterDescription":"","twitterImage":"","twitterImageID":"","twitterHasOverlay":false,"twitterImageOverlay":"","twitterPlayerUrl":"","twitterPlayerSize":"","twitterPlayerStream":"","twitterPlayerStreamCtype":"","twitterAppDescription":"","twitterAppIphoneName":"","twitterAppIphoneID":"","twitterAppIphoneUrl":"","twitterAppIpadName":"","twitterAppIpadID":"","twitterAppIpadUrl":"","twitterAppGoogleplayName":"","twitterAppGoogleplayID":"","twitterAppGoogleplayUrl":"","twitterAppCountry":"","robots":{"index":true},"twitterAuthor":"u\u017eivatelsk\u00e9 jm\u00e9no","primaryTerm":0,"authorName":"Daniel Van\u010da","titleTemplate":"%title% %sep% %sitename%","descriptionTemplate":"%excerpt%","showScoreFrontend":true,"lockModifiedDate":false},"powerWords":[],"diacritics":{"A":"[\\u0041\\u24B6\\uFF21\\u00C0\\u00C1\\u00C2\\u1EA6\\u1EA4\\u1EAA\\u1EA8\\u00C3\\u0100\\u0102\\u1EB0\\u1EAE\\u1EB4\\u1EB2\\u0226\\u01E0\\u00C4\\u01DE\\u1EA2\\u00C5\\u01FA\\u01CD\\u0200\\u0202\\u1EA0\\u1EAC\\u1EB6\\u1E00\\u0104\\u023A\\u2C6F]","AA":"[\\uA732]","AE":"[\\u00C6\\u01FC\\u01E2]","AO":"[\\uA734]","AU":"[\\uA736]","AV":"[\\uA738\\uA73A]","AY":"[\\uA73C]","B":"[\\u0042\\u24B7\\uFF22\\u1E02\\u1E04\\u1E06\\u0243\\u0182\\u0181]","C":"[\\u0043\\u24B8\\uFF23\\u0106\\u0108\\u010A\\u010C\\u00C7\\u1E08\\u0187\\u023B\\uA73E]","D":"[\\u0044\\u24B9\\uFF24\\u1E0A\\u010E\\u1E0C\\u1E10\\u1E12\\u1E0E\\u0110\\u018B\\u018A\\u0189\\uA779]","DZ":"[\\u01F1\\u01C4]","Dz":"[\\u01F2\\u01C5]","E":"[\\u0045\\u24BA\\uFF25\\u00C8\\u00C9\\u00CA\\u1EC0\\u1EBE\\u1EC4\\u1EC2\\u1EBC\\u0112\\u1E14\\u1E16\\u0114\\u0116\\u00CB\\u1EBA\\u011A\\u0204\\u0206\\u1EB8\\u1EC6\\u0228\\u1E1C\\u0118\\u1E18\\u1E1A\\u0190\\u018E]","F":"[\\u0046\\u24BB\\uFF26\\u1E1E\\u0191\\uA77B]","G":"[\\u0047\\u24BC\\uFF27\\u01F4\\u011C\\u1E20\\u011E\\u0120\\u01E6\\u0122\\u01E4\\u0193\\uA7A0\\uA77D\\uA77E]","H":"[\\u0048\\u24BD\\uFF28\\u0124\\u1E22\\u1E26\\u021E\\u1E24\\u1E28\\u1E2A\\u0126\\u2C67\\u2C75\\uA78D]","I":"[\\u0049\\u24BE\\uFF29\\u00CC\\u00CD\\u00CE\\u0128\\u012A\\u012C\\u0130\\u00CF\\u1E2E\\u1EC8\\u01CF\\u0208\\u020A\\u1ECA\\u012E\\u1E2C\\u0197]","J":"[\\u004A\\u24BF\\uFF2A\\u0134\\u0248]","K":"[\\u004B\\u24C0\\uFF2B\\u1E30\\u01E8\\u1E32\\u0136\\u1E34\\u0198\\u2C69\\uA740\\uA742\\uA744\\uA7A2]","L":"[\\u004C\\u24C1\\uFF2C\\u013F\\u0139\\u013D\\u1E36\\u1E38\\u013B\\u1E3C\\u1E3A\\u0141\\u023D\\u2C62\\u2C60\\uA748\\uA746\\uA780]","LJ":"[\\u01C7]","Lj":"[\\u01C8]","M":"[\\u004D\\u24C2\\uFF2D\\u1E3E\\u1E40\\u1E42\\u2C6E\\u019C]","N":"[\\u004E\\u24C3\\uFF2E\\u01F8\\u0143\\u00D1\\u1E44\\u0147\\u1E46\\u0145\\u1E4A\\u1E48\\u0220\\u019D\\uA790\\uA7A4]","NJ":"[\\u01CA]","Nj":"[\\u01CB]","O":"[\\u004F\\u24C4\\uFF2F\\u00D2\\u00D3\\u00D4\\u1ED2\\u1ED0\\u1ED6\\u1ED4\\u00D5\\u1E4C\\u022C\\u1E4E\\u014C\\u1E50\\u1E52\\u014E\\u022E\\u0230\\u00D6\\u022A\\u1ECE\\u0150\\u01D1\\u020C\\u020E\\u01A0\\u1EDC\\u1EDA\\u1EE0\\u1EDE\\u1EE2\\u1ECC\\u1ED8\\u01EA\\u01EC\\u00D8\\u01FE\\u0186\\u019F\\uA74A\\uA74C]","OI":"[\\u01A2]","OO":"[\\uA74E]","OU":"[\\u0222]","P":"[\\u0050\\u24C5\\uFF30\\u1E54\\u1E56\\u01A4\\u2C63\\uA750\\uA752\\uA754]","Q":"[\\u0051\\u24C6\\uFF31\\uA756\\uA758\\u024A]","R":"[\\u0052\\u24C7\\uFF32\\u0154\\u1E58\\u0158\\u0210\\u0212\\u1E5A\\u1E5C\\u0156\\u1E5E\\u024C\\u2C64\\uA75A\\uA7A6\\uA782]","S":"[\\u0053\\u24C8\\uFF33\\u1E9E\\u015A\\u1E64\\u015C\\u1E60\\u0160\\u1E66\\u1E62\\u1E68\\u0218\\u015E\\u2C7E\\uA7A8\\uA784]","T":"[\\u0054\\u24C9\\uFF34\\u1E6A\\u0164\\u1E6C\\u021A\\u0162\\u1E70\\u1E6E\\u0166\\u01AC\\u01AE\\u023E\\uA786]","TZ":"[\\uA728]","U":"[\\u0055\\u24CA\\uFF35\\u00D9\\u00DA\\u00DB\\u0168\\u1E78\\u016A\\u1E7A\\u016C\\u00DC\\u01DB\\u01D7\\u01D5\\u01D9\\u1EE6\\u016E\\u0170\\u01D3\\u0214\\u0216\\u01AF\\u1EEA\\u1EE8\\u1EEE\\u1EEC\\u1EF0\\u1EE4\\u1E72\\u0172\\u1E76\\u1E74\\u0244]","V":"[\\u0056\\u24CB\\uFF36\\u1E7C\\u1E7E\\u01B2\\uA75E\\u0245]","VY":"[\\uA760]","W":"[\\u0057\\u24CC\\uFF37\\u1E80\\u1E82\\u0174\\u1E86\\u1E84\\u1E88\\u2C72]","X":"[\\u0058\\u24CD\\uFF38\\u1E8A\\u1E8C]","Y":"[\\u0059\\u24CE\\uFF39\\u1EF2\\u00DD\\u0176\\u1EF8\\u0232\\u1E8E\\u0178\\u1EF6\\u1EF4\\u01B3\\u024E\\u1EFE]","Z":"[\\u005A\\u24CF\\uFF3A\\u0179\\u1E90\\u017B\\u017D\\u1E92\\u1E94\\u01B5\\u0224\\u2C7F\\u2C6B\\uA762]","a":"[\\u0061\\u24D0\\uFF41\\u1E9A\\u00E0\\u00E1\\u00E2\\u1EA7\\u1EA5\\u1EAB\\u1EA9\\u00E3\\u0101\\u0103\\u1EB1\\u1EAF\\u1EB5\\u1EB3\\u0227\\u01E1\\u00E4\\u01DF\\u1EA3\\u00E5\\u01FB\\u01CE\\u0201\\u0203\\u1EA1\\u1EAD\\u1EB7\\u1E01\\u0105\\u2C65\\u0250]","aa":"[\\uA733]","ae":"[\\u00E6\\u01FD\\u01E3]","ao":"[\\uA735]","au":"[\\uA737]","av":"[\\uA739\\uA73B]","ay":"[\\uA73D]","b":"[\\u0062\\u24D1\\uFF42\\u1E03\\u1E05\\u1E07\\u0180\\u0183\\u0253]","c":"[\\u0063\\u24D2\\uFF43\\u0107\\u0109\\u010B\\u010D\\u00E7\\u1E09\\u0188\\u023C\\uA73F\\u2184]","d":"[\\u0064\\u24D3\\uFF44\\u1E0B\\u010F\\u1E0D\\u1E11\\u1E13\\u1E0F\\u0111\\u018C\\u0256\\u0257\\uA77A]","dz":"[\\u01F3\\u01C6]","e":"[\\u0065\\u24D4\\uFF45\\u00E8\\u00E9\\u00EA\\u1EC1\\u1EBF\\u1EC5\\u1EC3\\u1EBD\\u0113\\u1E15\\u1E17\\u0115\\u0117\\u00EB\\u1EBB\\u011B\\u0205\\u0207\\u1EB9\\u1EC7\\u0229\\u1E1D\\u0119\\u1E19\\u1E1B\\u0247\\u025B\\u01DD]","f":"[\\u0066\\u24D5\\uFF46\\u1E1F\\u0192\\uA77C]","g":"[\\u0067\\u24D6\\uFF47\\u01F5\\u011D\\u1E21\\u011F\\u0121\\u01E7\\u0123\\u01E5\\u0260\\uA7A1\\u1D79\\uA77F]","h":"[\\u0068\\u24D7\\uFF48\\u0125\\u1E23\\u1E27\\u021F\\u1E25\\u1E29\\u1E2B\\u1E96\\u0127\\u2C68\\u2C76\\u0265]","hv":"[\\u0195]","i":"[\\u0069\\u24D8\\uFF49\\u00EC\\u00ED\\u00EE\\u0129\\u012B\\u012D\\u00EF\\u1E2F\\u1EC9\\u01D0\\u0209\\u020B\\u1ECB\\u012F\\u1E2D\\u0268\\u0131]","j":"[\\u006A\\u24D9\\uFF4A\\u0135\\u01F0\\u0249]","k":"[\\u006B\\u24DA\\uFF4B\\u1E31\\u01E9\\u1E33\\u0137\\u1E35\\u0199\\u2C6A\\uA741\\uA743\\uA745\\uA7A3]","l":"[\\u006C\\u24DB\\uFF4C\\u0140\\u013A\\u013E\\u1E37\\u1E39\\u013C\\u1E3D\\u1E3B\\u017F\\u0142\\u019A\\u026B\\u2C61\\uA749\\uA781\\uA747]","lj":"[\\u01C9]","m":"[\\u006D\\u24DC\\uFF4D\\u1E3F\\u1E41\\u1E43\\u0271\\u026F]","n":"[\\u006E\\u24DD\\uFF4E\\u01F9\\u0144\\u00F1\\u1E45\\u0148\\u1E47\\u0146\\u1E4B\\u1E49\\u019E\\u0272\\u0149\\uA791\\uA7A5]","nj":"[\\u01CC]","o":"[\\u006F\\u24DE\\uFF4F\\u00F2\\u00F3\\u00F4\\u1ED3\\u1ED1\\u1ED7\\u1ED5\\u00F5\\u1E4D\\u022D\\u1E4F\\u014D\\u1E51\\u1E53\\u014F\\u022F\\u0231\\u00F6\\u022B\\u1ECF\\u0151\\u01D2\\u020D\\u020F\\u01A1\\u1EDD\\u1EDB\\u1EE1\\u1EDF\\u1EE3\\u1ECD\\u1ED9\\u01EB\\u01ED\\u00F8\\u01FF\\u0254\\uA74B\\uA74D\\u0275]","oi":"[\\u01A3]","ou":"[\\u0223]","oo":"[\\uA74F]","p":"[\\u0070\\u24DF\\uFF50\\u1E55\\u1E57\\u01A5\\u1D7D\\uA751\\uA753\\uA755]","q":"[\\u0071\\u24E0\\uFF51\\u024B\\uA757\\uA759]","r":"[\\u0072\\u24E1\\uFF52\\u0155\\u1E59\\u0159\\u0211\\u0213\\u1E5B\\u1E5D\\u0157\\u1E5F\\u024D\\u027D\\uA75B\\uA7A7\\uA783]","s":"[\\u0073\\u24E2\\uFF53\\u015B\\u1E65\\u015D\\u1E61\\u0161\\u1E67\\u1E63\\u1E69\\u0219\\u015F\\u023F\\uA7A9\\uA785\\u1E9B]","ss":"[\\u00DF]","t":"[\\u0074\\u24E3\\uFF54\\u1E6B\\u1E97\\u0165\\u1E6D\\u021B\\u0163\\u1E71\\u1E6F\\u0167\\u01AD\\u0288\\u2C66\\uA787]","tz":"[\\uA729]","u":"[\\u0075\\u24E4\\uFF55\\u00F9\\u00FA\\u00FB\\u0169\\u1E79\\u016B\\u1E7B\\u016D\\u00FC\\u01DC\\u01D8\\u01D6\\u01DA\\u1EE7\\u016F\\u0171\\u01D4\\u0215\\u0217\\u01B0\\u1EEB\\u1EE9\\u1EEF\\u1EED\\u1EF1\\u1EE5\\u1E73\\u0173\\u1E77\\u1E75\\u0289]","v":"[\\u0076\\u24E5\\uFF56\\u1E7D\\u1E7F\\u028B\\uA75F\\u028C]","vy":"[\\uA761]","w":"[\\u0077\\u24E6\\uFF57\\u1E81\\u1E83\\u0175\\u1E87\\u1E85\\u1E98\\u1E89\\u2C73]","x":"[\\u0078\\u24E7\\uFF58\\u1E8B\\u1E8D]","y":"[\\u0079\\u24E8\\uFF59\\u1EF3\\u00FD\\u0177\\u1EF9\\u0233\\u1E8F\\u00FF\\u1EF7\\u1E99\\u1EF5\\u01B4\\u024F\\u1EFF]","z":"[\\u007A\\u24E9\\uFF5A\\u017A\\u1E91\\u017C\\u017E\\u1E93\\u1E95\\u01B6\\u0225\\u0240\\u2C6C\\uA763]"},"researchesTests":["contentHasTOC","contentHasShortParagraphs","contentHasAssets","keywordInTitle","keywordInMetaDescription","keywordInPermalink","keywordIn10Percent","keywordInContent","keywordInSubheadings","keywordInImageAlt","keywordDensity","keywordNotUsed","lengthContent","lengthPermalink","linksHasInternal","linksHasExternals","linksNotAllExternals","titleStartWithKeyword","titleSentiment","titleHasPowerWords","titleHasNumber","hasContentAI"],"hasRedirection":false,"hasBreadcrumb":false},"homeUrl":"https:\/\/mladez.evangnet.cz\/kralovehradecka","objectID":10,"objectType":"post","locale":"cs","localeFull":"cs_CZ","overlayImages":{"play":{"name":"Ikona p\u0159ehr\u00e1v\u00e1n\u00ed","url":"https:\/\/mladez.evangnet.cz\/kralovehradecka\/wp-content\/plugins\/seo-by-rank-math\/assets\/admin\/img\/icon-play.png","path":"\/home\/eusers\/e-mladez\/public\/wp-content\/plugins\/seo-by-rank-math\/assets\/admin\/img\/icon-play.png","position":"middle_center"},"gif":{"name":"GIF ikona","url":"https:\/\/mladez.evangnet.cz\/kralovehradecka\/wp-content\/plugins\/seo-by-rank-math\/assets\/admin\/img\/icon-gif.png","path":"\/home\/eusers\/e-mladez\/public\/wp-content\/plugins\/seo-by-rank-math\/assets\/admin\/img\/icon-gif.png","position":"middle_center"}},"defautOgImage":"https:\/\/mladez.evangnet.cz\/kralovehradecka\/wp-content\/plugins\/seo-by-rank-math\/assets\/admin\/img\/social-placeholder.jpg","customPermalinks":true,"isUserRegistered":true,"autoSuggestKeywords":true,"connectSiteUrl":"https:\/\/rankmath.com\/auth?site=https%3A%2F%2Fmladez.evangnet.cz%2Fkralovehradecka&r=https%3A%2F%2Fmladez.evangnet.cz%2Fkralovehradecka%2Fwp-json%2Fwp%2Fv2%2Fpages%2F10%3Fnonce%3Dfbe3d87c62","maxTags":5,"trendsIcon":"<svg viewBox=\"0 0 610 610\"><path d=\"M18.85,446,174.32,290.48l58.08,58.08L76.93,504a14.54,14.54,0,0,1-20.55,0L18.83,466.48a14.54,14.54,0,0,1,0-20.55Z\" style=\"fill:#4285f4\"\/><path d=\"M242.65,242.66,377.59,377.6l-47.75,47.75a14.54,14.54,0,0,1-20.55,0L174.37,290.43l47.75-47.75A14.52,14.52,0,0,1,242.65,242.66Z\" style=\"fill:#ea4335\"\/><polygon points=\"319.53 319.53 479.26 159.8 537.34 217.88 377.61 377.62 319.53 319.53\" style=\"fill:#fabb05\"\/><path d=\"M594.26,262.73V118.61h0a16.94,16.94,0,0,0-16.94-16.94H433.2a16.94,16.94,0,0,0-12,28.92L565.34,274.71h0a16.94,16.94,0,0,0,28.92-12Z\" style=\"fill:#34a853\"\/><rect width=\"610\" height=\"610\" style=\"fill:none\"\/><\/svg>","showScore":true,"siteFavIcon":"https:\/\/mladez.evangnet.cz\/kralovehradecka\/wp-content\/uploads\/sites\/7\/2024\/09\/logo-kralovehradecka-150x150.webp","canUser":{"general":false,"advanced":false,"snippet":false,"social":false,"analysis":false,"analytics":false,"content_ai":false},"showKeywordIntent":true,"isPro":false,"is_front_page":false,"trendsUpgradeLink":"https:\/\/rankmath.com\/pricing\/?utm_source=Plugin&utm_medium=CE%20General%20Tab%20Trends&utm_campaign=WP","trendsUpgradeLabel":"Upgradovat","trendsPreviewImage":"https:\/\/mladez.evangnet.cz\/kralovehradecka\/wp-content\/plugins\/seo-by-rank-math\/assets\/admin\/img\/trends-preview.jpg","currentEditor":false,"homepageData":{"assessor":{"powerWords":[],"diacritics":true,"researchesTests":["contentHasTOC","contentHasShortParagraphs","contentHasAssets","keywordInTitle","keywordInMetaDescription","keywordInPermalink","keywordIn10Percent","keywordInContent","keywordInSubheadings","keywordInImageAlt","keywordDensity","keywordNotUsed","lengthContent","lengthPermalink","linksHasInternal","linksHasExternals","linksNotAllExternals","titleStartWithKeyword","titleSentiment","titleHasPowerWords","titleHasNumber","hasContentAI"],"hasBreadcrumb":false,"serpData":{"title":"%sitename% %page% %sep% %sitedesc%","description":"","titleTemplate":"%sitename% %page% %sep% %sitedesc%","descriptionTemplate":"","focusKeywords":"","breadcrumbTitle":"Dom\u016f","robots":{"index":true},"advancedRobots":[],"facebookTitle":"","facebookDescription":"","facebookImage":"","facebookImageID":""}}},"tocTitle":"Table of Contents","tocExcludeHeadings":[],"listStyle":"ul"},"_links":{"self":[{"href":"https:\/\/mladez.evangnet.cz\/kralovehradecka\/wp-json\/wp\/v2\/pages\/10","targetHints":{"allow":["GET"]}}],"collection":[{"href":"https:\/\/mladez.evangnet.cz\/kralovehradecka\/wp-json\/wp\/v2\/pages"}],"about":[{"href":"https:\/\/mladez.evangnet.cz\/kralovehradecka\/wp-json\/wp\/v2\/types\/page"}],"author":[{"embeddable":true,"href":"https:\/\/mladez.evangnet.cz\/kralovehradecka\/wp-json\/wp\/v2\/users\/1"}],"replies":[{"embeddable":true,"href":"https:\/\/mladez.evangnet.cz\/kralovehradecka\/wp-json\/wp\/v2\/comments?post=10"}],"version-history":[{"count":3,"href":"https:\/\/mladez.evangnet.cz\/kralovehradecka\/wp-json\/wp\/v2\/pages\/10\/revisions"}],"predecessor-version":[{"id":119,"href":"https:\/\/mladez.evangnet.cz\/kralovehradecka\/wp-json\/wp\/v2\/pages\/10\/revisions\/119"}],"wp:attachment":[{"href":"https:\/\/mladez.evangnet.cz\/kralovehradecka\/wp-json\/wp\/v2\/media?parent=10"}],"curies":[{"name":"wp","href":"https:\/\/api.w.org\/{rel}","templated":true}]}}