{"id":225,"date":"2025-08-28T21:19:06","date_gmt":"2025-08-28T19:19:06","guid":{"rendered":"https:\/\/mladez.evangnet.cz\/jihoceska\/?post_type=event&#038;p=225"},"modified":"2025-08-28T21:19:15","modified_gmt":"2025-08-28T19:19:15","slug":"pochod-tabor-sobeslav","status":"publish","type":"event","link":"https:\/\/mladez.evangnet.cz\/jihoceska\/akce\/pochod-tabor-sobeslav\/","title":{"rendered":"POCHOD T\u00e1bor &#8211; Sob\u011bslav"},"content":{"rendered":"\n<p>Tak tu m\u00e1me zase po pr\u00e1zdnin\u00e1ch dal\u0161\u00ed akci&#8230; Tentokr\u00e1t p\u016fjde o pochod, nebo chcete-li, \u010dundr. Jedn\u00e1 se o pochod z jednoho m\u00edsta, v na\u0161em p\u0159\u00edpad\u011b z T\u00e1bora, na m\u00edsto jin\u00e9, Sob\u011bslav. Jeliko\u017e bude snad je\u0161t\u011b teplo, rozd\u011bl\u00edme si cestu p\u0159esp\u00e1n\u00edm venku pod \u0161ir\u00e1kem (nebo ve stanu). Dohromady p\u016fjdeme asi 25km, bude na n\u00e1s zda budeme sp\u00e1t po p\u011bti, nebo deseti kilometrech a zbytek si nech\u00e1me na dal\u0161\u00ed den. Ze soboty na ned\u011bli p\u0159esp\u00edme v prostor\u00e1ch Sob\u011bslavsk\u00e9ho sboru, kde se z\u00fa\u010dastn\u00edme rozlu\u010dkov\u00fdch bohoslu\u017eeb far\u00e1\u0159e Richarda Dra\u010dky. Po nich bude n\u00e1sledovat spole\u010dn\u00e9 j\u00eddlo a posezen\u00ed&#8230; <\/p>\n\n\n\n<p>Sraz bude na T\u00e1borsk\u00e9m n\u00e1dra\u017e\u00ed v 17:00. Nen\u00ed mo\u017en\u00e9 dorazit pozd\u011bji, leda \u017ee byste n\u00e1s pak do\u0161li&#8230; P\u016fjdeme p\u011bt, nebo deset kilometr\u016f na m\u00edsto, ke p\u0159esp\u00edme. A dal\u0161\u00ed den dojdeme zbytek do Sob\u011bslavi, kde ji\u017e p\u0159esp\u00edme ve sboru. Kon\u010dit budeme po bohoslu\u017eb\u00e1ch. <\/p>\n\n\n\n<p><strong>S SEBOU si nezapome\u0148te vz\u00edt:<\/strong><\/p>\n\n\n\n<p>P\u00e1te\u010dn\u00ed ve\u010de\u0159i<\/p>\n\n\n\n<p>Spac\u00e1k a karimatku<\/p>\n\n\n\n<p>Krosnu s beder\u00e1kem<\/p>\n\n\n\n<p>pln\u00e9 boty<\/p>\n\n\n\n<p>tepl\u00e9 oble\u010den\u00ed na ve\u010der<\/p>\n\n\n\n<p>stan (nebo n\u011bco na span\u00ed v de\u0161ti) <\/p>\n\n\n\n<p>V p\u0159\u00edpad\u011b dotaz\u016f se obracejte na 7373 24 575 (J\u00e1chym Dra\u010dka)<\/p>\n\n\n\n<p>T\u011b\u0161\u00edme se na v\u00e1s<\/p>\n","protected":false},"featured_media":228,"menu_order":0,"template":"","categories":[],"class_list":["post-225","event","type-event","status-publish","has-post-thumbnail","hentry"],"_links":{"self":[{"href":"https:\/\/mladez.evangnet.cz\/jihoceska\/wp-json\/wp\/v2\/event\/225","targetHints":{"allow":["GET"]}}],"collection":[{"href":"https:\/\/mladez.evangnet.cz\/jihoceska\/wp-json\/wp\/v2\/event"}],"about":[{"href":"https:\/\/mladez.evangnet.cz\/jihoceska\/wp-json\/wp\/v2\/types\/event"}],"version-history":[{"count":1,"href":"https:\/\/mladez.evangnet.cz\/jihoceska\/wp-json\/wp\/v2\/event\/225\/revisions"}],"predecessor-version":[{"id":226,"href":"https:\/\/mladez.evangnet.cz\/jihoceska\/wp-json\/wp\/v2\/event\/225\/revisions\/226"}],"wp:featuredmedia":[{"embeddable":true,"href":"https:\/\/mladez.evangnet.cz\/jihoceska\/wp-json\/wp\/v2\/media\/228"}],"wp:attachment":[{"href":"https:\/\/mladez.evangnet.cz\/jihoceska\/wp-json\/wp\/v2\/media?parent=225"}],"wp:term":[{"taxonomy":"category","embeddable":true,"href":"https:\/\/mladez.evangnet.cz\/jihoceska\/wp-json\/wp\/v2\/categories?post=225"}],"curies":[{"name":"wp","href":"https:\/\/api.w.org\/{rel}","templated":true}]}}